


{"id":52835,"date":"2021-09-23T16:23:20","date_gmt":"2021-09-23T14:23:20","guid":{"rendered":"https:\/\/www.unirufa.it\/?page_id=52835"},"modified":"2021-10-21T16:35:25","modified_gmt":"2021-10-21T14:35:25","slug":"faq-ministero-della-salute","status":"publish","type":"page","link":"https:\/\/www.unirufa.it\/es\/faq-ministero-della-salute\/","title":{"rendered":"FAQ Ministero della Salute"},"content":{"rendered":"<p class=\"qtranxs-available-languages-message qtranxs-available-languages-message-es\">Disculpa, pero esta entrada est\u00e1 disponible s\u00f3lo en <a href=\"https:\/\/www.unirufa.it\/it\/wp-json\/wp\/v2\/pages\/52835\" class=\"qtranxs-available-language-link qtranxs-available-language-link-it\" title=\"IT\">IT<\/a> y <a href=\"https:\/\/www.unirufa.it\/en\/wp-json\/wp\/v2\/pages\/52835\" class=\"qtranxs-available-language-link qtranxs-available-language-link-en\" title=\"EN\">EN<\/a>.<\/p><div class=\"col-sm-9\">\n\n    <div class=\"panel-group\" id=\"accordion\" role=\"tablist\" aria-multiselectable=\"true\">\n        \n\n<article class=\"panel panel-default\" role=\"article\" itemscope itemtype=\"http:\/\/schema.org\/BlogPosting\">\n    <div class=\"panel-heading\" role=\"tab\" id=\"heading1\">\n\t    <h4 class=\"panel-title\">\n\t        <a class=\"collapsed\" role=\"button\" data-toggle=\"collapse\" data-parent=\"#accordion\" href=\"#collapse1\" aria-expanded=\"false\" aria-controls=\"collapse1\" itemprop=\"headline\">In quali locali della ristorazione \u00e8 necessario il green pass?\t        \t<span class=\"courses\">\n                 \n\t        \t<\/span>\n\t        <\/a>\n\t    <\/h4>\n\t<\/div>\n<\/article>\n\n    <div id=\"collapse1\" class=\"panel-collapse collapse \" role=\"tabpanel\" aria-labelledby=\"heading1\">\n        <div class=\"panel-body\" itemprop=\"articleBody\">\n            <div class=\"item-description\">\n                 <\/p>\n<p>L\u2019obbligo di green pass rimane in vigore nei servizi di ristorazione per il consumo al tavolo al chiuso. Nei ristoranti degli alberghi serve solo per i clienti esterni.<br \/>\n            <\/div>\n        <\/div>\n    <\/div>\n    \n\n<article class=\"panel panel-default\" role=\"article\" itemscope itemtype=\"http:\/\/schema.org\/BlogPosting\">\n    <div class=\"panel-heading\" role=\"tab\" id=\"heading2\">\n\t    <h4 class=\"panel-title\">\n\t        <a class=\"collapsed\" role=\"button\" data-toggle=\"collapse\" data-parent=\"#accordion\" href=\"#collapse2\" aria-expanded=\"false\" aria-controls=\"collapse2\" itemprop=\"headline\">Per assistere a uno spettacolo o visitare una mostra devo presentare il certificato verde?\t        \t<span class=\"courses\">\n                 \n\t        \t<\/span>\n\t        <\/a>\n\t    <\/h4>\n\t<\/div>\n<\/article>\n\n    <div id=\"collapse2\" class=\"panel-collapse collapse \" role=\"tabpanel\" aria-labelledby=\"heading2\">\n        <div class=\"panel-body\" itemprop=\"articleBody\">\n            <div class=\"item-description\">\n                 <\/p>\n<p>Il green pass serve per accedere a spettacoli aperti al pubblico, eventi, competizioni sportive e per entrare in un museo o in altri luoghi di cultura. O per visitare una mostra.<br \/>\n            <\/div>\n        <\/div>\n    <\/div>\n    \n\n<article class=\"panel panel-default\" role=\"article\" itemscope itemtype=\"http:\/\/schema.org\/BlogPosting\">\n    <div class=\"panel-heading\" role=\"tab\" id=\"heading3\">\n\t    <h4 class=\"panel-title\">\n\t        <a class=\"collapsed\" role=\"button\" data-toggle=\"collapse\" data-parent=\"#accordion\" href=\"#collapse3\" aria-expanded=\"false\" aria-controls=\"collapse3\" itemprop=\"headline\">Per andare in piscina o in palestra al chiuso devo avere in tasca il pass?\t        \t<span class=\"courses\">\n                 \n\t        \t<\/span>\n\t        <\/a>\n\t    <\/h4>\n\t<\/div>\n<\/article>\n\n    <div id=\"collapse3\" class=\"panel-collapse collapse \" role=\"tabpanel\" aria-labelledby=\"heading3\">\n        <div class=\"panel-body\" itemprop=\"articleBody\">\n            <div class=\"item-description\">\n                 <\/p>\n<p>S\u00ec, l\u2019obbligo di green pass \u00e8 previsto al chiuso per palestre, piscine, centri natatori, per sport di squadra, nei centri benessere, anche all\u2019interno di strutture ricettive, oltre che per tutti gli sport di squadra al chiuso.<br \/>\n            <\/div>\n        <\/div>\n    <\/div>\n    \n\n<article class=\"panel panel-default\" role=\"article\" itemscope itemtype=\"http:\/\/schema.org\/BlogPosting\">\n    <div class=\"panel-heading\" role=\"tab\" id=\"heading4\">\n\t    <h4 class=\"panel-title\">\n\t        <a class=\"collapsed\" role=\"button\" data-toggle=\"collapse\" data-parent=\"#accordion\" href=\"#collapse4\" aria-expanded=\"false\" aria-controls=\"collapse4\" itemprop=\"headline\">Per convegni, fiere e concorsi c\u2019\u00e8 obbligo di pass?\t        \t<span class=\"courses\">\n                 \n\t        \t<\/span>\n\t        <\/a>\n\t    <\/h4>\n\t<\/div>\n<\/article>\n\n    <div id=\"collapse4\" class=\"panel-collapse collapse \" role=\"tabpanel\" aria-labelledby=\"heading4\">\n        <div class=\"panel-body\" itemprop=\"articleBody\">\n            <div class=\"item-description\">\n                 <\/p>\n<p>S\u00ec, per sagre, fiere, convegni, congressi al chiuso, ma anche in centri ternali o in parchi di divertimento. E in centri culturali, sociali e ricreativi per le attivit\u00e0 al chiuso. L\u2019obbligo vale anche per la partecipazione a concorsi pubblici.<br \/>\n            <\/div>\n        <\/div>\n    <\/div>\n    \n\n<article class=\"panel panel-default\" role=\"article\" itemscope itemtype=\"http:\/\/schema.org\/BlogPosting\">\n    <div class=\"panel-heading\" role=\"tab\" id=\"heading5\">\n\t    <h4 class=\"panel-title\">\n\t        <a class=\"collapsed\" role=\"button\" data-toggle=\"collapse\" data-parent=\"#accordion\" href=\"#collapse5\" aria-expanded=\"false\" aria-controls=\"collapse5\" itemprop=\"headline\">Per l\u2019uso dei bar e\/o della mensa ci sono obblighi?\t        \t<span class=\"courses\">\n                 \n\t        \t<\/span>\n\t        <\/a>\n\t    <\/h4>\n\t<\/div>\n<\/article>\n\n    <div id=\"collapse5\" class=\"panel-collapse collapse \" role=\"tabpanel\" aria-labelledby=\"heading5\">\n        <div class=\"panel-body\" itemprop=\"articleBody\">\n            <div class=\"item-description\">\n                 <\/p>\n<p>S\u00ec, \u00e8 necessario presentare all\u2019ingresso il green pass. L\u2019obbligo riguarda commensali e dipendenti.<br \/>\n            <\/div>\n        <\/div>\n    <\/div>\n    \n\n<article class=\"panel panel-default\" role=\"article\" itemscope itemtype=\"http:\/\/schema.org\/BlogPosting\">\n    <div class=\"panel-heading\" role=\"tab\" id=\"heading6\">\n\t    <h4 class=\"panel-title\">\n\t        <a class=\"collapsed\" role=\"button\" data-toggle=\"collapse\" data-parent=\"#accordion\" href=\"#collapse6\" aria-expanded=\"false\" aria-controls=\"collapse6\" itemprop=\"headline\">L\u2019obbligo del green pass in Accademia a chi si applica?\t        \t<span class=\"courses\">\n                 \n\t        \t<\/span>\n\t        <\/a>\n\t    <\/h4>\n\t<\/div>\n<\/article>\n\n    <div id=\"collapse6\" class=\"panel-collapse collapse \" role=\"tabpanel\" aria-labelledby=\"heading6\">\n        <div class=\"panel-body\" itemprop=\"articleBody\">\n            <div class=\"item-description\">\n                 <\/p>\n<p>L\u2019obbligo si applica a \u00abchiunque accede nelle strutture delle istituzioni formative\u00bb.<br \/>\n            <\/div>\n        <\/div>\n    <\/div>\n    \n\n<article class=\"panel panel-default\" role=\"article\" itemscope itemtype=\"http:\/\/schema.org\/BlogPosting\">\n    <div class=\"panel-heading\" role=\"tab\" id=\"heading7\">\n\t    <h4 class=\"panel-title\">\n\t        <a class=\"collapsed\" role=\"button\" data-toggle=\"collapse\" data-parent=\"#accordion\" href=\"#collapse7\" aria-expanded=\"false\" aria-controls=\"collapse7\" itemprop=\"headline\">I genitori per entrare in Accademia devono avere il green pass?\t        \t<span class=\"courses\">\n                 \n\t        \t<\/span>\n\t        <\/a>\n\t    <\/h4>\n\t<\/div>\n<\/article>\n\n    <div id=\"collapse7\" class=\"panel-collapse collapse \" role=\"tabpanel\" aria-labelledby=\"heading7\">\n        <div class=\"panel-body\" itemprop=\"articleBody\">\n            <div class=\"item-description\">\n                 <\/p>\n<p>S\u00ec. Il genitore deve avere il green pass anche se entra in Accademia per colloquio o solo per firmare un documento o per compiere qualunque altra attivit\u00e0.<br \/>\n            <\/div>\n        <\/div>\n    <\/div>\n    \n\n<article class=\"panel panel-default\" role=\"article\" itemscope itemtype=\"http:\/\/schema.org\/BlogPosting\">\n    <div class=\"panel-heading\" role=\"tab\" id=\"heading8\">\n\t    <h4 class=\"panel-title\">\n\t        <a class=\"collapsed\" role=\"button\" data-toggle=\"collapse\" data-parent=\"#accordion\" href=\"#collapse8\" aria-expanded=\"false\" aria-controls=\"collapse8\" itemprop=\"headline\">L\u2019obbligo di ingresso con il pass vale per gli studenti?\t        \t<span class=\"courses\">\n                 \n\t        \t<\/span>\n\t        <\/a>\n\t    <\/h4>\n\t<\/div>\n<\/article>\n\n    <div id=\"collapse8\" class=\"panel-collapse collapse \" role=\"tabpanel\" aria-labelledby=\"heading8\">\n        <div class=\"panel-body\" itemprop=\"articleBody\">\n            <div class=\"item-description\">\n                 <\/p>\n<p>L\u2019obbligo di green pass vale SOLO per gli studenti degli Istituti tecnici superiori (Its), oltre che per gli studenti che frequentano universit\u00e0, conservatori e accademie.<br \/>\n            <\/div>\n        <\/div>\n    <\/div>\n    \n\n<article class=\"panel panel-default\" role=\"article\" itemscope itemtype=\"http:\/\/schema.org\/BlogPosting\">\n    <div class=\"panel-heading\" role=\"tab\" id=\"heading9\">\n\t    <h4 class=\"panel-title\">\n\t        <a class=\"collapsed\" role=\"button\" data-toggle=\"collapse\" data-parent=\"#accordion\" href=\"#collapse9\" aria-expanded=\"false\" aria-controls=\"collapse9\" itemprop=\"headline\">Sono previsti esoneri?\t        \t<span class=\"courses\">\n                 \n\t        \t<\/span>\n\t        <\/a>\n\t    <\/h4>\n\t<\/div>\n<\/article>\n\n    <div id=\"collapse9\" class=\"panel-collapse collapse \" role=\"tabpanel\" aria-labelledby=\"heading9\">\n        <div class=\"panel-body\" itemprop=\"articleBody\">\n            <div class=\"item-description\">\n                 <\/p>\n<p>Sono esonerati dal possesso del green pass non solo gli studenti, ma anche i soggetti esenti dalla campagna vaccinale sulla base di idonea certificazione medica rilasciata secondo i criteri definiti con circolare del Ministero della salute.<br \/>\n            <\/div>\n        <\/div>\n    <\/div>\n    \n\n<article class=\"panel panel-default\" role=\"article\" itemscope itemtype=\"http:\/\/schema.org\/BlogPosting\">\n    <div class=\"panel-heading\" role=\"tab\" id=\"heading10\">\n\t    <h4 class=\"panel-title\">\n\t        <a class=\"collapsed\" role=\"button\" data-toggle=\"collapse\" data-parent=\"#accordion\" href=\"#collapse10\" aria-expanded=\"false\" aria-controls=\"collapse10\" itemprop=\"headline\">Sono previste sanzioni per chi entra in Accademia senza green pass?\t        \t<span class=\"courses\">\n                 \n\t        \t<\/span>\n\t        <\/a>\n\t    <\/h4>\n\t<\/div>\n<\/article>\n\n    <div id=\"collapse10\" class=\"panel-collapse collapse \" role=\"tabpanel\" aria-labelledby=\"heading10\">\n        <div class=\"panel-body\" itemprop=\"articleBody\">\n            <div class=\"item-description\">\n                 <\/p>\n<p>Sanzione dai 400 ai 1000 euro per chi, pur avendo l\u2019obbligo, non ha il green pass. Per i docenti c\u2019\u00e8 la sanzione aggiuntiva, dopo cinque giorni, della sospensione dello stipendio. A controllare il pass saranno i dirigenti. Previste sanzioni da 400 a 1000 euro sia per chi non ha il pass sia per il dirigente al quale \u00e8 demandato il controllo.<br \/>\n            <\/div>\n        <\/div>\n    <\/div>\n    \n\n<article class=\"panel panel-default\" role=\"article\" itemscope itemtype=\"http:\/\/schema.org\/BlogPosting\">\n    <div class=\"panel-heading\" role=\"tab\" id=\"heading11\">\n\t    <h4 class=\"panel-title\">\n\t        <a class=\"collapsed\" role=\"button\" data-toggle=\"collapse\" data-parent=\"#accordion\" href=\"#collapse11\" aria-expanded=\"false\" aria-controls=\"collapse11\" itemprop=\"headline\">Su quali treni \u00e8 obbligatorio il pass verde?\t        \t<span class=\"courses\">\n                 \n\t        \t<\/span>\n\t        <\/a>\n\t    <\/h4>\n\t<\/div>\n<\/article>\n\n    <div id=\"collapse11\" class=\"panel-collapse collapse \" role=\"tabpanel\" aria-labelledby=\"heading11\">\n        <div class=\"panel-body\" itemprop=\"articleBody\">\n            <div class=\"item-description\">\n                 <\/p>\n<p>Dal 1\u00b0 settembre \u00e8 obbligatorio il pass su treni ad alta velocit\u00e0, intercity, intercity notte. La verifica viene effettuata dall\u2019addetto alle ferrovie. Non c\u2019\u00e8 obbligo di green pass sui mezzi del trasporto pubblico locale: metropolitane, autobus o tram.<br \/>\n            <\/div>\n        <\/div>\n    <\/div>\n    \n\n<article class=\"panel panel-default\" role=\"article\" itemscope itemtype=\"http:\/\/schema.org\/BlogPosting\">\n    <div class=\"panel-heading\" role=\"tab\" id=\"heading12\">\n\t    <h4 class=\"panel-title\">\n\t        <a class=\"collapsed\" role=\"button\" data-toggle=\"collapse\" data-parent=\"#accordion\" href=\"#collapse12\" aria-expanded=\"false\" aria-controls=\"collapse12\" itemprop=\"headline\">Su quali navi devo salire con il green pass?\t        \t<span class=\"courses\">\n                 \n\t        \t<\/span>\n\t        <\/a>\n\t    <\/h4>\n\t<\/div>\n<\/article>\n\n    <div id=\"collapse12\" class=\"panel-collapse collapse \" role=\"tabpanel\" aria-labelledby=\"heading12\">\n        <div class=\"panel-body\" itemprop=\"articleBody\">\n            <div class=\"item-description\">\n                 <\/p>\n<p>L\u2019obbligo riguarda navi e traghetti interregionali. Nessun pass sui collegamenti marittimi dello Stretto di Messina in quanto si tratta di trasporto pubblico locale.<br \/>\n            <\/div>\n        <\/div>\n    <\/div>\n    \n\n<article class=\"panel panel-default\" role=\"article\" itemscope itemtype=\"http:\/\/schema.org\/BlogPosting\">\n    <div class=\"panel-heading\" role=\"tab\" id=\"heading13\">\n\t    <h4 class=\"panel-title\">\n\t        <a class=\"collapsed\" role=\"button\" data-toggle=\"collapse\" data-parent=\"#accordion\" href=\"#collapse13\" aria-expanded=\"false\" aria-controls=\"collapse13\" itemprop=\"headline\">In aereo serve il pass?\t        \t<span class=\"courses\">\n                 \n\t        \t<\/span>\n\t        <\/a>\n\t    <\/h4>\n\t<\/div>\n<\/article>\n\n    <div id=\"collapse13\" class=\"panel-collapse collapse \" role=\"tabpanel\" aria-labelledby=\"heading13\">\n        <div class=\"panel-body\" itemprop=\"articleBody\">\n            <div class=\"item-description\">\n                 <\/p>\n<p>S\u00ec, sia sui voli internazionali (bisogna aver completato ciclo vaccinale), sia sulle tratte di collegamento interne (basta aver fatto da quindici giorni la prima dose).<br \/>\n            <\/div>\n        <\/div>\n    <\/div>\n    \n\n<article class=\"panel panel-default\" role=\"article\" itemscope itemtype=\"http:\/\/schema.org\/BlogPosting\">\n    <div class=\"panel-heading\" role=\"tab\" id=\"heading14\">\n\t    <h4 class=\"panel-title\">\n\t        <a class=\"collapsed\" role=\"button\" data-toggle=\"collapse\" data-parent=\"#accordion\" href=\"#collapse14\" aria-expanded=\"false\" aria-controls=\"collapse14\" itemprop=\"headline\">Cosa serve per rientrare dall\u2019estero in Italia?\t        \t<span class=\"courses\">\n                 \n\t        \t<\/span>\n\t        <\/a>\n\t    <\/h4>\n\t<\/div>\n<\/article>\n\n    <div id=\"collapse14\" class=\"panel-collapse collapse \" role=\"tabpanel\" aria-labelledby=\"heading14\">\n        <div class=\"panel-body\" itemprop=\"articleBody\">\n            <div class=\"item-description\">\n                 <\/p>\n<p>Per entrare in Italia, la Certificazione verde Covid-19 del viaggiatore deve attestare una delle seguenti condizioni: aver completato il ciclo vaccinale prescritto anti-Sars-Cov-2 da almeno 14 giorni oppure esser guariti dal nuovo coronavirus oppure aver fatto un tampone molecolare o antigenico effettuato nelle 48 ore prima dell&#8217;ingresso in Italia con esito negativo. I minori al di sotto dei 6 anni sono esentati dall&#8217;effettuare il tampone pre-partenza. La certificazione relativamente al completamento del ciclo vaccinale deve riferirsi ad uno dei quattro vaccini approvati dall&#8217;Agenzia europea per i medicinali (Ema): Comirnaty di Pfizer-BioNtech, Moderna, Vaxzevria (AstraZeneca), Janssen (Johnson &#038; Johnson).<br \/>\n            <\/div>\n        <\/div>\n    <\/div>\n    \n\n<article class=\"panel panel-default\" role=\"article\" itemscope itemtype=\"http:\/\/schema.org\/BlogPosting\">\n    <div class=\"panel-heading\" role=\"tab\" id=\"heading15\">\n\t    <h4 class=\"panel-title\">\n\t        <a class=\"collapsed\" role=\"button\" data-toggle=\"collapse\" data-parent=\"#accordion\" href=\"#collapse15\" aria-expanded=\"false\" aria-controls=\"collapse15\" itemprop=\"headline\">Sugli autobus di linea \u00e8 necessario munirsi del green pass?\t        \t<span class=\"courses\">\n                 \n\t        \t<\/span>\n\t        <\/a>\n\t    <\/h4>\n\t<\/div>\n<\/article>\n\n    <div id=\"collapse15\" class=\"panel-collapse collapse \" role=\"tabpanel\" aria-labelledby=\"heading15\">\n        <div class=\"panel-body\" itemprop=\"articleBody\">\n            <div class=\"item-description\">\n                 <\/p>\n<p>L\u2019obbligo riguarda solo le tratte svolte da autobus che collegano due o pi\u00f9 regioni o che effettuano percorsi turistici pi\u00f9 lunghi. L\u2019obbligo \u00e8 previsto anche per servizi di noleggio con conducente.<br \/>\n            <\/div>\n        <\/div>\n    <\/div>\n    \n\n<article class=\"panel panel-default\" role=\"article\" itemscope itemtype=\"http:\/\/schema.org\/BlogPosting\">\n    <div class=\"panel-heading\" role=\"tab\" id=\"heading16\">\n\t    <h4 class=\"panel-title\">\n\t        <a class=\"collapsed\" role=\"button\" data-toggle=\"collapse\" data-parent=\"#accordion\" href=\"#collapse16\" aria-expanded=\"false\" aria-controls=\"collapse16\" itemprop=\"headline\">Quanto dura il green pass?\t        \t<span class=\"courses\">\n                 \n\t        \t<\/span>\n\t        <\/a>\n\t    <\/h4>\n\t<\/div>\n<\/article>\n\n    <div id=\"collapse16\" class=\"panel-collapse collapse \" role=\"tabpanel\" aria-labelledby=\"heading16\">\n        <div class=\"panel-body\" itemprop=\"articleBody\">\n            <div class=\"item-description\">\n                 <\/p>\n<p>Attualmente la durata della certificazione verde in caso di guarigione \u00e8 di sei mesi a far data dall&#8217;avvenuta guarigione dal Covid. In caso di tampone negativo, il certificato ha una validit\u00e0 di quarantotto ore dall&#8217;esecuzione del test. E di 9 mesi per chi ha completato il ciclo vaccinale e per i guariti dal Covid che hanno fatto, come previsto, una sola dose del vaccino. Ma quest\u2019ultima \u00e8 stata prolungata a 12 mesi nella legge di conversione del decreto legge 23 luglio n.105 approvata dalla Camera e attualmente all\u2019esame del Senato.<br \/>\n            <\/div>\n        <\/div>\n    <\/div>\n    \n\n<article class=\"panel panel-default\" role=\"article\" itemscope itemtype=\"http:\/\/schema.org\/BlogPosting\">\n    <div class=\"panel-heading\" role=\"tab\" id=\"heading17\">\n\t    <h4 class=\"panel-title\">\n\t        <a class=\"collapsed\" role=\"button\" data-toggle=\"collapse\" data-parent=\"#accordion\" href=\"#collapse17\" aria-expanded=\"false\" aria-controls=\"collapse17\" itemprop=\"headline\">Sono previsti sconti sui tamponi?\t        \t<span class=\"courses\">\n                 \n\t        \t<\/span>\n\t        <\/a>\n\t    <\/h4>\n\t<\/div>\n<\/article>\n\n    <div id=\"collapse17\" class=\"panel-collapse collapse \" role=\"tabpanel\" aria-labelledby=\"heading17\">\n        <div class=\"panel-body\" itemprop=\"articleBody\">\n            <div class=\"item-description\">\n                 <\/p>\n<p>S\u00ec. Il protocollo d\u2019intesa firmato prevede che presso le farmacie aderenti, il prezzo del test antigenico rapido a favore dei minori di et\u00e0 compresa tra i 12 e i 18 anni sar\u00e0 di 8 euro, mentre per gli over 18 il prezzo \u00e8 fissato a 15 euro. Fino al 30 novembre<br \/>\n            <\/div>\n        <\/div>\n    <\/div>\n    \n\n<article class=\"panel panel-default\" role=\"article\" itemscope itemtype=\"http:\/\/schema.org\/BlogPosting\">\n    <div class=\"panel-heading\" role=\"tab\" id=\"heading18\">\n\t    <h4 class=\"panel-title\">\n\t        <a class=\"collapsed\" role=\"button\" data-toggle=\"collapse\" data-parent=\"#accordion\" href=\"#collapse18\" aria-expanded=\"false\" aria-controls=\"collapse18\" itemprop=\"headline\">Come si scarica il green pass?\t        \t<span class=\"courses\">\n                 \n\t        \t<\/span>\n\t        <\/a>\n\t    <\/h4>\n\t<\/div>\n<\/article>\n\n    <div id=\"collapse18\" class=\"panel-collapse collapse \" role=\"tabpanel\" aria-labelledby=\"heading18\">\n        <div class=\"panel-body\" itemprop=\"articleBody\">\n            <div class=\"item-description\">\n                 <\/p>\n<p>La Certificazione verde Covid-19 per vaccinazione viene generata automaticamente dalla Piattaforma nazionale-Dgc ed \u00e8 valida dal 15\u00b0 giorno successivo alla prima dose di vaccino fino alla data della seconda dose. La Certificazione \u201cdefinitiva\u201d dopo la seconda dose viene rilasciata entro 24\/48 ore dalla seconda somministrazione ed \u00e8 valida per 9 mesi. La piattaforma nazionale, dopo che si \u00e8 generato il Green Pass, invia il codice authcode per scaricarlo ai recapiti mail personali o tramite sms. Il codice, con i dati presenti sulla Tessera Sanitaria, d\u00e0 la possibilit\u00e0 di ottenere la Certificazione tramite il sito <a href=\"http:\/\/www.dgc.gov.it\">www.dgc.gov.it<\/a> o su app Immuni. In alternativa, se si \u00e8 in possesso di Spid o Carta d&#8217;Identit\u00e0 Elettronica (CIE) \u00e8 possibile utilizzare l&#8217;applicazione IO. Oppure si pu\u00f2 accedere al fascicolo sanitario elettronico regionale. Dal 30 luglio, in caso di mancato arrivo di sms o email, sul sito <a href=\"http:\/\/www.dgc.gov.it\">www.dgc.gov.it<\/a> \u00e8 possibile recuperare in autonomia il codice authcode e poi scaricare il green pass dallo stesso sito con Tessera Sanitaria o da App Immuni.<br \/>\nSe serve assistenza tecnica \u00e8 possibile contattare il numero verde 800.91.24.91 attivo tutti i giorni dalle 8 alle 20 o scrivere all&#8217;indirizzo: <a href=\"mailto:cittadini@dgc.gov.it\">cittadini@dgc.gov.it<\/a>. Se si \u00e8 utente di App IO \u00e8 possibile chiedere assistenza direttamente tramite l&#8217;app. Infine, per informazioni su aspetti sanitari \u00e8 possibile chiamare il numero di pubblica utilit\u00e0 1500 attivo tutti i giorni 24 ore su 24.<br \/>\n            <\/div>\n        <\/div>\n    <\/div>\n    \n\n<article class=\"panel panel-default\" role=\"article\" itemscope itemtype=\"http:\/\/schema.org\/BlogPosting\">\n    <div class=\"panel-heading\" role=\"tab\" id=\"heading19\">\n\t    <h4 class=\"panel-title\">\n\t        <a class=\"collapsed\" role=\"button\" data-toggle=\"collapse\" data-parent=\"#accordion\" href=\"#collapse19\" aria-expanded=\"false\" aria-controls=\"collapse19\" itemprop=\"headline\">Chi \u00e8 esentato dal green pass, a parte gli under 12?\t        \t<span class=\"courses\">\n                 \n\t        \t<\/span>\n\t        <\/a>\n\t    <\/h4>\n\t<\/div>\n<\/article>\n\n    <div id=\"collapse19\" class=\"panel-collapse collapse \" role=\"tabpanel\" aria-labelledby=\"heading19\">\n        <div class=\"panel-body\" itemprop=\"articleBody\">\n            <div class=\"item-description\">\n                 <\/p>\n<p>\u00c8 prevista l&#8217;esenzione per \u00abi soggetti esenti sulla base di idonea certificazione medica rilasciata secondo i criteri definiti con circolare del Ministero della salute\u00bb. La certificazione di esenzione alla vaccinazione anti Sars-Cov-2 viene rilasciata nel caso in cui la vaccinazione stessa venga omessa o differita per la presenza di specifiche condizioni cliniche documentate, che la rendano \u201ccontroindicata\u201d in maniera permanente o temporanea. La certificazione, che potr\u00e0 per ora avere una validit\u00e0 massima fino al 30 settembre 2021, servir\u00e0 per accedere a tutte quelle attivit\u00e0 per le quali \u00e8 scattato obbligo di green pass. Ovviamente le persone che ottengono una esenzione alla vaccinazione devono continuare a mantenere le misure di prevenzione come: usare le mascherine, distanziarsi dalle persone non conviventi, lavare le mani, evitare assembramenti in particolare in locali chiusi.<br \/>\n            <\/div>\n        <\/div>\n    <\/div>\n    \n\n<article class=\"panel panel-default\" role=\"article\" itemscope itemtype=\"http:\/\/schema.org\/BlogPosting\">\n    <div class=\"panel-heading\" role=\"tab\" id=\"heading20\">\n\t    <h4 class=\"panel-title\">\n\t        <a class=\"collapsed\" role=\"button\" data-toggle=\"collapse\" data-parent=\"#accordion\" href=\"#collapse20\" aria-expanded=\"false\" aria-controls=\"collapse20\" itemprop=\"headline\">In quali luoghi pubblici non \u00e8 necessario il green pass?\t        \t<span class=\"courses\">\n                 \n\t        \t<\/span>\n\t        <\/a>\n\t    <\/h4>\n\t<\/div>\n<\/article>\n\n    <div id=\"collapse20\" class=\"panel-collapse collapse \" role=\"tabpanel\" aria-labelledby=\"heading20\">\n        <div class=\"panel-body\" itemprop=\"articleBody\">\n            <div class=\"item-description\">\n                 <\/p>\n<p>Non bisogna esibire nessun documento in negozi, farmacie, supermercati, ma anche nei bar e ristoranti all&#8217;aperto, dove si potr\u00e0 pranzare o cenare liberamente, rispettando comunque il metro di distanziamento a tavola. Niente pass nelle chiese. E neppure nelle piscine all&#8217;aperto. Nessun obbligo di green pass se ristoranti e bar degli alberghi sono esclusivamente a disposizione dei clienti, mentre la certificazione sar\u00e0 richiesta se la ristorazione \u00e8 disponibile anche al pubblico esterno.<br \/>\n            <\/div>\n        <\/div>\n    <\/div>\n    \n    <\/div>\n    \n&nbsp;","protected":false},"excerpt":{"rendered":"<p>Disculpa, pero esta entrada est\u00e1 disponible s\u00f3lo en IT y EN. &nbsp;<\/p>\n","protected":false},"author":28,"featured_media":0,"parent":0,"menu_order":0,"comment_status":"closed","ping_status":"closed","template":"","meta":{"content-type":"","footnotes":""},"class_list":["post-52835","page","type-page","status-publish","hentry"],"yoast_head":"<!-- This site is optimized with the Yoast SEO plugin v24.2 - https:\/\/yoast.com\/wordpress\/plugins\/seo\/ -->\n<title>FAQ Ministero della Salute - RUFA - Rome University of Fine Arts<\/title>\n<meta name=\"robots\" content=\"index, follow, max-snippet:-1, max-image-preview:large, max-video-preview:-1\" \/>\n<link rel=\"canonical\" href=\"https:\/\/www.unirufa.it\/faq-ministero-della-salute\/\" \/>\n<meta property=\"og:locale\" content=\"es_ES\" \/>\n<meta property=\"og:type\" content=\"article\" \/>\n<meta property=\"og:title\" content=\"FAQ Ministero della Salute - RUFA - Rome University of Fine Arts\" \/>\n<meta property=\"og:description\" content=\"Disculpa, pero esta entrada est\u00e1 disponible s\u00f3lo en IT y EN. &nbsp;\" \/>\n<meta property=\"og:url\" content=\"https:\/\/www.unirufa.it\/faq-ministero-della-salute\/\" \/>\n<meta property=\"og:site_name\" content=\"RUFA - Rome University of Fine Arts\" \/>\n<meta property=\"article:modified_time\" content=\"2021-10-21T14:35:25+00:00\" \/>\n<meta property=\"og:image\" content=\"https:\/\/www.unirufa.it\/wp-content\/uploads\/2017\/11\/logo-rufa-2016.png\" \/>\n\t<meta property=\"og:image:width\" content=\"230\" \/>\n\t<meta property=\"og:image:height\" content=\"149\" \/>\n\t<meta property=\"og:image:type\" content=\"image\/png\" \/>\n<meta name=\"twitter:label1\" content=\"Tiempo de lectura\" \/>\n\t<meta name=\"twitter:data1\" content=\"14 minutos\" \/>\n<script type=\"application\/ld+json\" class=\"yoast-schema-graph\">{\"@context\":\"https:\/\/schema.org\",\"@graph\":[{\"@type\":\"WebPage\",\"@id\":\"https:\/\/www.unirufa.it\/faq-ministero-della-salute\/\",\"url\":\"https:\/\/www.unirufa.it\/faq-ministero-della-salute\/\",\"name\":\"FAQ Ministero della Salute - RUFA - Rome University of Fine Arts\",\"isPartOf\":{\"@id\":\"https:\/\/www.unirufa.it\/#website\"},\"datePublished\":\"2021-09-23T14:23:20+00:00\",\"dateModified\":\"2021-10-21T14:35:25+00:00\",\"breadcrumb\":{\"@id\":\"https:\/\/www.unirufa.it\/faq-ministero-della-salute\/#breadcrumb\"},\"inLanguage\":\"es\",\"potentialAction\":[{\"@type\":\"ReadAction\",\"target\":[\"https:\/\/www.unirufa.it\/faq-ministero-della-salute\/\"]}]},{\"@type\":\"BreadcrumbList\",\"@id\":\"https:\/\/www.unirufa.it\/faq-ministero-della-salute\/#breadcrumb\",\"itemListElement\":[{\"@type\":\"ListItem\",\"position\":1,\"name\":\"Home\",\"item\":\"https:\/\/www.unirufa.it\/\"},{\"@type\":\"ListItem\",\"position\":2,\"name\":\"FAQ Ministero della Salute\"}]},{\"@type\":\"WebSite\",\"@id\":\"https:\/\/www.unirufa.it\/#website\",\"url\":\"https:\/\/www.unirufa.it\/\",\"name\":\"RUFA - Rome University of Fine Arts\",\"description\":\"\",\"potentialAction\":[{\"@type\":\"SearchAction\",\"target\":{\"@type\":\"EntryPoint\",\"urlTemplate\":\"https:\/\/www.unirufa.it\/?s={search_term_string}\"},\"query-input\":{\"@type\":\"PropertyValueSpecification\",\"valueRequired\":true,\"valueName\":\"search_term_string\"}}],\"inLanguage\":\"es\"}]}<\/script>\n<!-- \/ Yoast SEO plugin. -->","yoast_head_json":{"title":"FAQ Ministero della Salute - RUFA - Rome University of Fine Arts","robots":{"index":"index","follow":"follow","max-snippet":"max-snippet:-1","max-image-preview":"max-image-preview:large","max-video-preview":"max-video-preview:-1"},"canonical":"https:\/\/www.unirufa.it\/faq-ministero-della-salute\/","og_locale":"es_ES","og_type":"article","og_title":"FAQ Ministero della Salute - RUFA - Rome University of Fine Arts","og_description":"Disculpa, pero esta entrada est\u00e1 disponible s\u00f3lo en IT y EN. &nbsp;","og_url":"https:\/\/www.unirufa.it\/faq-ministero-della-salute\/","og_site_name":"RUFA - Rome University of Fine Arts","article_modified_time":"2021-10-21T14:35:25+00:00","og_image":[{"width":230,"height":149,"url":"https:\/\/www.unirufa.it\/wp-content\/uploads\/2017\/11\/logo-rufa-2016.png","type":"image\/png"}],"twitter_misc":{"Tiempo de lectura":"14 minutos"},"schema":{"@context":"https:\/\/schema.org","@graph":[{"@type":"WebPage","@id":"https:\/\/www.unirufa.it\/faq-ministero-della-salute\/","url":"https:\/\/www.unirufa.it\/faq-ministero-della-salute\/","name":"FAQ Ministero della Salute - RUFA - Rome University of Fine Arts","isPartOf":{"@id":"https:\/\/www.unirufa.it\/#website"},"datePublished":"2021-09-23T14:23:20+00:00","dateModified":"2021-10-21T14:35:25+00:00","breadcrumb":{"@id":"https:\/\/www.unirufa.it\/faq-ministero-della-salute\/#breadcrumb"},"inLanguage":"es","potentialAction":[{"@type":"ReadAction","target":["https:\/\/www.unirufa.it\/faq-ministero-della-salute\/"]}]},{"@type":"BreadcrumbList","@id":"https:\/\/www.unirufa.it\/faq-ministero-della-salute\/#breadcrumb","itemListElement":[{"@type":"ListItem","position":1,"name":"Home","item":"https:\/\/www.unirufa.it\/"},{"@type":"ListItem","position":2,"name":"FAQ Ministero della Salute"}]},{"@type":"WebSite","@id":"https:\/\/www.unirufa.it\/#website","url":"https:\/\/www.unirufa.it\/","name":"RUFA - Rome University of Fine Arts","description":"","potentialAction":[{"@type":"SearchAction","target":{"@type":"EntryPoint","urlTemplate":"https:\/\/www.unirufa.it\/?s={search_term_string}"},"query-input":{"@type":"PropertyValueSpecification","valueRequired":true,"valueName":"search_term_string"}}],"inLanguage":"es"}]}},"_links":{"self":[{"href":"https:\/\/www.unirufa.it\/es\/wp-json\/wp\/v2\/pages\/52835","targetHints":{"allow":["GET"]}}],"collection":[{"href":"https:\/\/www.unirufa.it\/es\/wp-json\/wp\/v2\/pages"}],"about":[{"href":"https:\/\/www.unirufa.it\/es\/wp-json\/wp\/v2\/types\/page"}],"author":[{"embeddable":true,"href":"https:\/\/www.unirufa.it\/es\/wp-json\/wp\/v2\/users\/28"}],"replies":[{"embeddable":true,"href":"https:\/\/www.unirufa.it\/es\/wp-json\/wp\/v2\/comments?post=52835"}],"version-history":[{"count":13,"href":"https:\/\/www.unirufa.it\/es\/wp-json\/wp\/v2\/pages\/52835\/revisions"}],"predecessor-version":[{"id":54331,"href":"https:\/\/www.unirufa.it\/es\/wp-json\/wp\/v2\/pages\/52835\/revisions\/54331"}],"wp:attachment":[{"href":"https:\/\/www.unirufa.it\/es\/wp-json\/wp\/v2\/media?parent=52835"}],"curies":[{"name":"wp","href":"https:\/\/api.w.org\/{rel}","templated":true}]}}