


{"id":86681,"date":"2022-11-24T12:13:09","date_gmt":"2022-11-24T11:13:09","guid":{"rendered":"https:\/\/www.unirufa.it\/?page_id=86681"},"modified":"2025-10-17T16:56:10","modified_gmt":"2025-10-17T14:56:10","slug":"graphic-design-2","status":"publish","type":"page","link":"https:\/\/www.unirufa.it\/es\/graphic-design-2\/","title":{"rendered":"Graphic Design"},"content":{"rendered":"<strong>DID\u00c1CTICA EN ITALIANO Y EN INGL\u00c9S\u276f<\/strong><\/p>\n<h2>Se\u00f1ales a tu alrededor<\/h2>\n<h3>Desempe\u00f1ar\u00e1s un papel central en todos los proyectos de comunicaci\u00f3n visual, desde la publicaci\u00f3n hasta el marketing no convencional, desde la identidad corporativa hasta la publicidad, desde la se\u00f1alizaci\u00f3n hasta las campa\u00f1as de publicidad.<\/h3>\n<p>&nbsp;<\/p>\n<div class=\"row\">\n<div class=\"col-md-11\" style=\"background-color: #007ac9; border-color: #007ac9; color:#FFFFFF; padding:30px 15px\">\n<div class=\"row\">\n<div class=\"col-sm-4\">\n<h6 class=\"text-uppercase\"><strong>T\u00edtulo:<\/strong><\/h6>\n<p>Diploma acad\u00e9mico de nivel 1 <\/p>\n<h6 class=\"text-uppercase\"><strong>Duraci\u00f3n:<\/strong><\/h6>\n<p>3 anni, full time <\/p>\n<h6 class=\"text-uppercase\"><strong>Cr\u00e9ditos:<\/strong><\/h6>\n<p>180 CFA<\/p>\n<\/div>\n<div class=\"col-sm-4\">\n<h6 class=\"text-uppercase\"><strong>Principales disciplinas:<\/strong><\/h6>\n<p>Elementos de Gr\u00e1fica Editorial, Infograf\u00eda, Redacci\u00f3n Publicitaria, Fotograf\u00eda, Packaging, Animaci\u00f3n Digital<\/p>\n<h6 class=\"text-uppercase\"><strong>Ense\u00f1anza::<\/strong><\/h6>\n<p>Identidad institucional, imagen de marca, dise\u00f1o web, se\u00f1alizaci\u00f3n y publicidad<\/p>\n<\/div>\n<div class=\"col-sm-4\">\n<h6 class=\"text-uppercase\"><strong>Requisitos de acceso<\/strong><\/h6>\n<p>T\u00edtulo de ense\u00f1anza secundaria superior u otro t\u00edtulo obtenido en el extranjero.<\/p>\n<h6 class=\"text-uppercase\"><strong>Admisi\u00f3n<\/strong><\/h6>\n<p>Prueba de acceso y entrevista<\/p>\n<\/div>\n<\/div>\n<\/div>\n<div class = \"col-md-12\" style=\"margin-top:30px\">\n<p>La figura del dise\u00f1ador gr\u00e1fico es central en todos los proyectos de comunicaci\u00f3n visual, desde la publicaci\u00f3n hasta el embalaje, desde la identidad corporativa hasta la exhibici\u00f3n, desde la se\u00f1alizaci\u00f3n hasta la publicidad. Una profesi\u00f3n multidisciplinar, capaz de combinar los distintos elementos de la comunicaci\u00f3n (signos, fuentes, colores e im\u00e1genes), con el objetivo de definir lenguajes siempre originales y contempor\u00e1neos. El egresado del curso de Dise\u00f1o Gr\u00e1fico de la RUFA se propone al mundo laboral con un rico bagaje de diferentes habilidades, logradas gracias al camino recorrido en los m\u00faltiples aspectos de la comunicaci\u00f3n visual. Preparado en la historia del arte y la edici\u00f3n, es competente en las t\u00e9cnicas gr\u00e1ficas tradicionales y multimedia. Gracias a un profundo conocimiento del lenguaje gr\u00e1fico y fotogr\u00e1fico, de las tecnolog\u00edas y de los medios de comunicaci\u00f3n actuales y futuros, es capaz de crear proyectos de identidad institucional, imagen de marca, dise\u00f1o web, wayfinding y publicidad. Su perfil de dise\u00f1ador visual es, por lo tanto, adecuado para numerosos escenarios de desarrollo de trabajo, desde el trabajo independiente hasta la colocaci\u00f3n en agencias de publicidad, instituciones p\u00fablicas y empresas.<\/p>\n<\/div>\n<\/div>\n<p>El t\u00edtulo acad\u00e9mico de primer nivel es equivalente a un t\u00edtulo universitario.<\/p>\n<p><em>*El curso est\u00e1 disponible s\u00f3lo en italiano. Todas las clases <a href=\"https:\/\/www.unirufa.it\/es\/info-studenti\/obbligo-di-frequenza\/\" target=\"_blank\" rel=\"noopener noreferrer\"> deben ser atendidas <\/a> en las sedes de RUFA en Roma. <\/em><\/p>\n<h4>Professors<\/h4>\n<p><em>Coordinador: <a href=\"https:\/\/www.unirufa.it\/docenti\/stefano-cipolla\/\" target=\"_blank\" rel=\"noopener noreferrer\">Stefano Cipolla<\/a><br \/>\nTutor: <a href=\"https:\/\/www.unirufa.it\/en\/docenti\/luigi-iacobelli\/\" target=\"_blank\" rel=\"noopener noreferrer\">Luigi Iacobelli<\/a><br \/>\nProfesores: Elisa Abbadessa, <a href=\"https:\/\/www.unirufa.it\/docenti\/agnese-angelini\/\" target=\"_blank\" rel=\"noopener noreferrer\">Agnese Angelini<\/a>, <a href=\"https:\/\/www.unirufa.it\/docenti\/maria-pina-bentivenga\/\">Maria Pina Bentivenga<\/a>, <a href=\"https:\/\/www.unirufa.it\/docenti\/paolo-buonaiuto\/\" target=\"_blank\" rel=\"noopener noreferrer\">Paolo Buonaiuto<\/a>, <a href=\"https:\/\/www.unirufa.it\/docenti\/emanuele-cappelli\/\" target=\"_blank\" rel=\"noopener noreferrer\">Emanuele Cappelli<\/a>, <a href=\"https:\/\/www.unirufa.it\/docenti\/andrea-cavallari\/\" target=\"_blank\" rel=\"noopener noreferrer\">Andrea Cavallari<\/a>, <a href=\"https:\/\/www.unirufa.it\/docenti\/stefano-compagnucci\/\">Stefano Compagnucci<\/a>, <a href=\"https:\/\/www.unirufa.it\/docenti\/alessio-cremisini\/\" target=\"_blank\" rel=\"noopener noreferrer\">Alessio Cremisini<\/a>, <a href=\"https:\/\/www.unirufa.it\/docenti\/francesco-fidani\/\">Francesco Fidani<\/a>, <a href=\"https:\/\/www.unirufa.it\/docenti\/genny-di-bert\/\" target=\"_blank\" rel=\"noopener noreferrer\">Genny Di Bert<\/a>, <a href=\"https:\/\/www.unirufa.it\/docenti\/giulio-fermetti\/\" rel=\"noopener\" target=\"_blank\">Giulio Fermetti<\/a>, <a href=\"https:\/\/www.unirufa.it\/docenti\/emanuele-frasca-2\/\" rel=\"noopener\" target=\"_blank\">Emanuele Frasca<\/a>, <a href=\"https:\/\/www.unirufa.it\/docenti\/alessandro-gori\/\">Alessandro Gori<\/a>, <a href=\"https:\/\/www.unirufa.it\/docenti\/luigi-iacobelli\/\" target=\"_blank\" rel=\"noopener noreferrer\">Luigi Iacobelli<\/a>, <a href=\"https:\/\/www.unirufa.it\/docenti\/david-mozzetta\/\">David Mozzetta<\/a>, <a href=\"https:\/\/www.unirufa.it\/docenti\/massimiliano-napoli\/\">Massimiliano Napoli<\/a>, <a href=\"https:\/\/www.unirufa.it\/docenti\/antonio-pace\/\" rel=\"noopener\" target=\"_blank\">Antonio Pace<\/a>, <a href=\"https:\/\/www.unirufa.it\/docenti\/enrico-parisio\/\" target=\"_blank\" rel=\"noopener noreferrer\">Enrico Parisio<\/a>, <a href=\"https:\/\/www.unirufa.it\/docenti\/harald-pizzinini\/\" target=\"_blank\" rel=\"noopener noreferrer\">Harald Pizzinini<\/a>, <a href=\"https:\/\/www.unirufa.it\/docenti\/giordano-ricciardi\/\" target=\"_blank\" rel=\"noopener noreferrer\">Giordano Ricciardi<\/a>, <a href=\"https:\/\/www.unirufa.it\/docenti\/christian-rizzo\/\" rel=\"noopener\" target=\"_blank\">Christian Rizzo<\/a>, <a href=\"https:\/\/www.unirufa.it\/docenti\/lucia-sforza\/\">Lucia Sforza<\/a>, <a href=\"https:\/\/www.unirufa.it\/docenti\/claudio-spuri\/\">Claudio Spuri<\/a>, <a href=\"https:\/\/www.unirufa.it\/docenti\/andrea-vendetti\/\">Andrea Vendetti<\/a>.<\/em><br \/>\n&nbsp;<\/p>\n<p><a id=\"btn-brochurecorso\" class=\"download-btn\" href=\"https:\/\/www.unirufa.it\/wp-content\/uploads\/2020\/06\/Rufa_Graphic_design.pdf\">DESCARGA EL BROCHURE<\/a><a id=\"btn-regolamentocorso\" class=\"download-btn\" href=\"https:\/\/www.unirufa.it\/wp-content\/uploads\/2019\/04\/REGOLAMENTO-DIDATTICO-GRAPHIC-DESIGN.pdf\">Reglamento did\u00e1ctico<\/a><\/p>\n<h2><span style=\"color: #007ac9;\">SOLICITA INFORMACI\u00d3N<\/span><\/h2>\n\n<div class=\"wpcf7 no-js\" id=\"wpcf7-f60893-o3\" lang=\"it-IT\" dir=\"ltr\" data-wpcf7-id=\"60893\">\n<div class=\"screen-reader-response\"><p role=\"status\" aria-live=\"polite\" aria-atomic=\"true\"><\/p> <ul><\/ul><\/div>\n<form action=\"\/es\/wp-json\/wp\/v2\/pages\/86681#wpcf7-f60893-o3\" method=\"post\" class=\"wpcf7-form init\" aria-label=\"Contact form\" novalidate=\"novalidate\" data-status=\"init\">\n<div style=\"display: none;\">\n<input type=\"hidden\" name=\"_wpcf7\" value=\"60893\" \/>\n<input type=\"hidden\" name=\"_wpcf7_version\" value=\"6.0.3\" \/>\n<input type=\"hidden\" name=\"_wpcf7_locale\" value=\"it_IT\" \/>\n<input type=\"hidden\" name=\"_wpcf7_unit_tag\" value=\"wpcf7-f60893-o3\" \/>\n<input type=\"hidden\" name=\"_wpcf7_container_post\" value=\"0\" \/>\n<input type=\"hidden\" name=\"_wpcf7_posted_data_hash\" value=\"\" \/>\n<input type=\"hidden\" name=\"_wpcf7cf_hidden_group_fields\" value=\"[]\" \/>\n<input type=\"hidden\" name=\"_wpcf7cf_hidden_groups\" value=\"[]\" \/>\n<input type=\"hidden\" name=\"_wpcf7cf_visible_groups\" value=\"[]\" \/>\n<input type=\"hidden\" name=\"_wpcf7cf_repeaters\" value=\"[]\" \/>\n<input type=\"hidden\" name=\"_wpcf7cf_steps\" value=\"{}\" \/>\n<input type=\"hidden\" name=\"_wpcf7cf_options\" value=\"{&quot;form_id&quot;:60893,&quot;conditions&quot;:[{&quot;then_field&quot;:&quot;group-lingua&quot;,&quot;and_rules&quot;:[{&quot;if_field&quot;:&quot;corso&quot;,&quot;operator&quot;:&quot;equals&quot;,&quot;if_value&quot;:&quot;PITTURA&quot;}]},{&quot;then_field&quot;:&quot;group-lingua&quot;,&quot;and_rules&quot;:[{&quot;if_field&quot;:&quot;corso&quot;,&quot;operator&quot;:&quot;equals&quot;,&quot;if_value&quot;:&quot;GRAPHIC DESIGN&quot;}]},{&quot;then_field&quot;:&quot;group-lingua&quot;,&quot;and_rules&quot;:[{&quot;if_field&quot;:&quot;corso&quot;,&quot;operator&quot;:&quot;equals&quot;,&quot;if_value&quot;:&quot;CINEMA&quot;}]},{&quot;then_field&quot;:&quot;group-lingua&quot;,&quot;and_rules&quot;:[{&quot;if_field&quot;:&quot;corso&quot;,&quot;operator&quot;:&quot;equals&quot;,&quot;if_value&quot;:&quot;SCULTURA E INSTALLAZIONE&quot;}]},{&quot;then_field&quot;:&quot;group-lingua&quot;,&quot;and_rules&quot;:[{&quot;if_field&quot;:&quot;corso&quot;,&quot;operator&quot;:&quot;equals&quot;,&quot;if_value&quot;:&quot;DESIGN&quot;}]},{&quot;then_field&quot;:&quot;group-lingua&quot;,&quot;and_rules&quot;:[{&quot;if_field&quot;:&quot;corso&quot;,&quot;operator&quot;:&quot;equals&quot;,&quot;if_value&quot;:&quot;FASHION DESIGN SOSTENIBILE&quot;}]},{&quot;then_field&quot;:&quot;sede&quot;,&quot;and_rules&quot;:[{&quot;if_field&quot;:&quot;corso&quot;,&quot;operator&quot;:&quot;equals&quot;,&quot;if_value&quot;:&quot;COMICS AND ILLUSTRATION&quot;}]},{&quot;then_field&quot;:&quot;sede&quot;,&quot;and_rules&quot;:[{&quot;if_field&quot;:&quot;corso&quot;,&quot;operator&quot;:&quot;equals&quot;,&quot;if_value&quot;:&quot;GRAPHIC DESIGN&quot;},{&quot;if_field&quot;:&quot;lingua&quot;,&quot;operator&quot;:&quot;equals&quot;,&quot;if_value&quot;:&quot;ITA&quot;}]},{&quot;then_field&quot;:&quot;sede&quot;,&quot;and_rules&quot;:[{&quot;if_field&quot;:&quot;corso&quot;,&quot;operator&quot;:&quot;equals&quot;,&quot;if_value&quot;:&quot;CINEMA&quot;},{&quot;if_field&quot;:&quot;lingua&quot;,&quot;operator&quot;:&quot;equals&quot;,&quot;if_value&quot;:&quot;ITA&quot;}]},{&quot;then_field&quot;:&quot;sede&quot;,&quot;and_rules&quot;:[{&quot;if_field&quot;:&quot;corso&quot;,&quot;operator&quot;:&quot;equals&quot;,&quot;if_value&quot;:&quot;DESIGN&quot;},{&quot;if_field&quot;:&quot;lingua&quot;,&quot;operator&quot;:&quot;equals&quot;,&quot;if_value&quot;:&quot;ITA&quot;}]}],&quot;settings&quot;:{&quot;animation&quot;:&quot;yes&quot;,&quot;animation_intime&quot;:200,&quot;animation_outtime&quot;:200,&quot;conditions_ui&quot;:&quot;normal&quot;,&quot;notice_dismissed&quot;:true,&quot;notice_dismissed_update-cf7-5.6.3&quot;:true,&quot;notice_dismissed_update-cf7-5.7.1&quot;:true,&quot;notice_dismissed_update-cf7-5.7.2&quot;:true,&quot;notice_dismissed_update-cf7-5.7.3&quot;:true,&quot;notice_dismissed_update-cf7-5.8.3&quot;:true,&quot;notice_dismissed_rollback-cf7-5.8.3&quot;:true,&quot;notice_dismissed_rollback-cf7-5.9.5&quot;:true}}\" \/>\n<input type=\"hidden\" name=\"_wpcf7dtx_version\" value=\"5.0.2\" \/>\n<input type=\"hidden\" name=\"_wpcf7_recaptcha_response\" value=\"\" \/>\n<\/div>\n<input class=\"wpcf7-form-control wpcf7-hidden\" value=\"RUFA\" type=\"hidden\" name=\"societa\" \/>\n<input class=\"wpcf7-form-control wpcf7-hidden\" value=\"Organico\" type=\"hidden\" name=\"utm_source\" \/>\n<span class=\"wpcf7-form-control-wrap corso\" data-name=\"corso\"><input type=\"hidden\" name=\"corso\" class=\"wpcf7-form-control wpcf7-hidden wpcf7dtx wpcf7dtx-hidden\" aria-invalid=\"false\"><\/span>\n<input class=\"wpcf7-form-control wpcf7-hidden\" value=\"https:\/\/www.unirufa.it\/es\/wp-json\/wp\/v2\/pages\/86681\" type=\"hidden\" name=\"page-url\" \/>\n<div class=\"col-sm-6\" style=\"padding-left: 0;\">\n\t<p><label style=\"width: 100%\"> Name \/ Nombre*<\/label><br \/>\n<span class=\"wpcf7-form-control-wrap\" data-name=\"your-name\"><input size=\"40\" maxlength=\"400\" class=\"wpcf7-form-control wpcf7-text wpcf7-validates-as-required\" aria-required=\"true\" aria-invalid=\"false\" value=\"\" type=\"text\" name=\"your-name\" \/><\/span>\n\t<\/p>\n<\/div>\n<div class=\"col-sm-6\" style=\"padding-left: 0;\">\n\t<p><label style=\"width: 100%\"> Family Name \/ Apellido* <\/label><br \/>\n<span class=\"wpcf7-form-control-wrap\" data-name=\"your-surname\"><input size=\"40\" maxlength=\"400\" class=\"wpcf7-form-control wpcf7-text wpcf7-validates-as-required\" aria-required=\"true\" aria-invalid=\"false\" value=\"\" type=\"text\" name=\"your-surname\" \/><\/span>\n\t<\/p>\n<\/div>\n<div class=\"col-sm-6\" style=\"padding-left: 0;\">\n\t<p><label style=\"width: 100%\"> Email*<\/label><br \/>\n<span class=\"wpcf7-form-control-wrap\" data-name=\"your-email\"><input size=\"40\" maxlength=\"400\" class=\"wpcf7-form-control wpcf7-email wpcf7-validates-as-required wpcf7-text wpcf7-validates-as-email\" aria-required=\"true\" aria-invalid=\"false\" value=\"\" type=\"email\" name=\"your-email\" \/><\/span>\n\t<\/p>\n<\/div>\n<div class=\"col-sm-6\" style=\"padding-left: 0;\">\n\t<p><label style=\"width: 100%\"> Mobile \/ N\u00famero Celular*<\/label><br \/>\n<span class=\"wpcf7-form-control-wrap CellulareMobile\"><input class=\"wpcf7-form-control wpcf7-intl_tel wpcf7-validates-as-required wpcf7-intl-tel\" aria-required=\"true\" aria-invalid=\"false\" data-initialcountry=\"it\" value=\"\" type=\"tel\" name=\"CellulareMobile-cf7it-national\" \/><input name=\"CellulareMobile\" type=\"hidden\" class=\"wpcf7-intl-tel-full\" \/><input type=\"hidden\" name=\"CellulareMobile-cf7it-country-name\" class=\"wpcf7-intl-tel-country-name\" \/><input type=\"hidden\" name=\"CellulareMobile-cf7it-country-code\" class=\"wpcf7-intl-tel-country-code\" \/><input type=\"hidden\" name=\"CellulareMobile-cf7it-country-iso2\" class=\"wpcf7-intl-tel-country-iso2\" \/><\/span>\n\t<\/p>\n<\/div>\n<div class=\"col-sm-12 col-lg-6\" style=\"padding-left: 0;\">\n\t<p><label> Academic year of interest \/ A\u00f1o acad\u00e9mico de inter\u00e9s* <\/label><span class=\"wpcf7-form-control-wrap\" data-name=\"AnnoAccademicodiinteresseAcademicyearofinterest\"><select class=\"wpcf7-form-control wpcf7-select wpcf7-validates-as-required\" aria-required=\"true\" aria-invalid=\"false\" name=\"AnnoAccademicodiinteresseAcademicyearofinterest\"><option value=\"\">&#8212;Please choose an option&#8212;<\/option><option value=\"2024-2025\">2024-2025<\/option><option value=\"2025-2026\">2025-2026<\/option><option value=\"2026-2027\">2026-2027<\/option><\/select><\/span>\n\t<\/p>\n<\/div>\n<div class=\"col-sm-12 col-lg-6\" style=\"padding-left: 0;\">\n\t<p><label>Country of residence\/Pa\u00eds de residencia*<\/label><br \/>\n<span class=\"wpcf7-form-control-wrap\" data-name=\"nazione\"><select class=\"wpcf7-form-control wpcf7-select wpcf7-validates-as-required\" aria-required=\"true\" aria-invalid=\"false\" name=\"nazione\"><option value=\"Afghanistan\">Afghanistan<\/option><option value=\"Albania\">Albania<\/option><option value=\"Algeria\">Algeria<\/option><option value=\"Andorra\">Andorra<\/option><option value=\"Angola\">Angola<\/option><option value=\"Anguilla\">Anguilla<\/option><option value=\"Antigua and Barbuda\">Antigua and Barbuda<\/option><option value=\"Netherlands Antilles\">Netherlands Antilles<\/option><option value=\"Saudi Arabia\">Saudi Arabia<\/option><option value=\"Argentina\">Argentina<\/option><option value=\"Armenia\">Armenia<\/option><option value=\"Aruba\">Aruba<\/option><option value=\"Australia\">Australia<\/option><option value=\"Austria\">Austria<\/option><option value=\"Azerbaijan\">Azerbaijan<\/option><option value=\"Bahamas\">Bahamas<\/option><option value=\"Bahrain\">Bahrain<\/option><option value=\"Bangladesh\">Bangladesh<\/option><option value=\"Barbados\">Barbados<\/option><option value=\"Belgium\">Belgium<\/option><option value=\"Belize\">Belize<\/option><option value=\"Benin\">Benin<\/option><option value=\"Bermuda\">Bermuda<\/option><option value=\"Bhutan\">Bhutan<\/option><option value=\"Belarus\">Belarus<\/option><option value=\"Myanmar (formerly Burma)\">Myanmar (formerly Burma)<\/option><option value=\"Bolivia\">Bolivia<\/option><option value=\"Bosnia and Herzegovina\">Bosnia and Herzegovina<\/option><option value=\"Botswana\">Botswana<\/option><option value=\"Brazil\">Brazil<\/option><option value=\"Britain (UK)\">Britain (UK)<\/option><option value=\"Brunei\">Brunei<\/option><option value=\"Bulgaria\">Bulgaria<\/option><option value=\"Burkina Faso\">Burkina Faso<\/option><option value=\"Burundi\">Burundi<\/option><option value=\"Cambodia\">Cambodia<\/option><option value=\"Cameroon\">Cameroon<\/option><option value=\"Canada\">Canada<\/option><option value=\"Cape Verde\">Cape Verde<\/option><option value=\"Cayman Islands\">Cayman Islands<\/option><option value=\"Chad\">Chad<\/option><option value=\"Chile\">Chile<\/option><option value=\"China\">China<\/option><option value=\"Cyprus\">Cyprus<\/option><option value=\"Vatican City\">Vatican City<\/option><option value=\"Colombia\">Colombia<\/option><option value=\"Comoros\">Comoros<\/option><option value=\"North Korea\">North Korea<\/option><option value=\"South Korea\">South Korea<\/option><option value=\"Ivory Coast\">Ivory Coast<\/option><option value=\"Costa Rica\">Costa Rica<\/option><option value=\"Croatia\">Croatia<\/option><option value=\"Cuba\">Cuba<\/option><option value=\"Denmark\">Denmark<\/option><option value=\"Dominica\">Dominica<\/option><option value=\"Ecuador\">Ecuador<\/option><option value=\"Egypt\">Egypt<\/option><option value=\"El Salvador\">El Salvador<\/option><option value=\"United Arab Emirates (UAE)\">United Arab Emirates (UAE)<\/option><option value=\"Eritrea\">Eritrea<\/option><option value=\"Estonia\">Estonia<\/option><option value=\"Fiji\">Fiji<\/option><option value=\"Philippines\">Philippines<\/option><option value=\"Finland\">Finland<\/option><option value=\"France\">France<\/option><option value=\"Gabon\">Gabon<\/option><option value=\"Gambia\">Gambia<\/option><option value=\"Georgia\">Georgia<\/option><option value=\"Germany\">Germany<\/option><option value=\"Ghana\">Ghana<\/option><option value=\"Japan\">Japan<\/option><option value=\"Gibraltar\">Gibraltar<\/option><option value=\"Djibouti\">Djibouti<\/option><option value=\"Jordan\">Jordan<\/option><option value=\"Greece\">Greece<\/option><option value=\"Grenada\">Grenada<\/option><option value=\"Greenland\">Greenland<\/option><option value=\"Guadeloupe\">Guadeloupe<\/option><option value=\"Guatemala\">Guatemala<\/option><option value=\"Guinea\">Guinea<\/option><option value=\"Equatorial Guinea\">Equatorial Guinea<\/option><option value=\"Guinea-Bissau\">Guinea-Bissau<\/option><option value=\"Guyana\">Guyana<\/option><option value=\"Haiti\">Haiti<\/option><option value=\"Honduras\">Honduras<\/option><option value=\"Hong Kong\">Hong Kong<\/option><option value=\"India\">India<\/option><option value=\"Indonesia\">Indonesia<\/option><option value=\"Iran\">Iran<\/option><option value=\"Iraq\">Iraq<\/option><option value=\"Ireland\">Ireland<\/option><option value=\"Iceland\">Iceland<\/option><option value=\"Virgin Islands (US)\">Virgin Islands (US)<\/option><option value=\"British Virgin Islands\">British Virgin Islands<\/option><option value=\"Israel\">Israel<\/option><option value=\"Italy\">Italy<\/option><option value=\"Jamaica\">Jamaica<\/option><option value=\"Kazakhstan\">Kazakhstan<\/option><option value=\"Kenya\">Kenya<\/option><option value=\"Kyrgyzstan\">Kyrgyzstan<\/option><option value=\"Kiribati\">Kiribati<\/option><option value=\"Kuwait\">Kuwait<\/option><option value=\"Laos\">Laos<\/option><option value=\"Lapland\">Lapland<\/option><option value=\"Lesotho\">Lesotho<\/option><option value=\"Latvia\">Latvia<\/option><option value=\"Lebanon\">Lebanon<\/option><option value=\"Liberia\">Liberia<\/option><option value=\"Libya\">Libya<\/option><option value=\"Liechtenstein\">Liechtenstein<\/option><option value=\"Lithuania\">Lithuania<\/option><option value=\"Luxembourg\">Luxembourg<\/option><option value=\"North Macedonia\">North Macedonia<\/option><option value=\"Madagascar\">Madagascar<\/option><option value=\"Madeira\">Madeira<\/option><option value=\"Malawi\">Malawi<\/option><option value=\"Maldives\">Maldives<\/option><option value=\"Malaysia\">Malaysia<\/option><option value=\"Mali\">Mali<\/option><option value=\"Malta\">Malta<\/option><option value=\"Morocco\">Morocco<\/option><option value=\"Marshall Islands\">Marshall Islands<\/option><option value=\"Martinique\">Martinique<\/option><option value=\"Mauritania\">Mauritania<\/option><option value=\"Mauritius\">Mauritius<\/option><option value=\"Mexico\">Mexico<\/option><option value=\"Micronesia\">Micronesia<\/option><option value=\"Moldova\">Moldova<\/option><option value=\"Mongolia\">Mongolia<\/option><option value=\"Montenegro\">Montenegro<\/option><option value=\"Montserrat\">Montserrat<\/option><option value=\"Mozambique\">Mozambique<\/option><option value=\"Namibia\">Namibia<\/option><option value=\"Nauru\">Nauru<\/option><option value=\"Nepal\">Nepal<\/option><option value=\"Nicaragua\">Nicaragua<\/option><option value=\"Niger\">Niger<\/option><option value=\"Nigeria\">Nigeria<\/option><option value=\"Norway\">Norway<\/option><option value=\"New Caledonia\">New Caledonia<\/option><option value=\"New Zealand\">New Zealand<\/option><option value=\"Netherlands (Holland)\">Netherlands (Holland)<\/option><option value=\"Oman\">Oman<\/option><option value=\"Pakistan\">Pakistan<\/option><option value=\"Palau\">Palau<\/option><option value=\"Palestine\">Palestine<\/option><option value=\"Panama\">Panama<\/option><option value=\"Papua New Guinea\">Papua New Guinea<\/option><option value=\"Paraguay\">Paraguay<\/option><option value=\"Peru\">Peru<\/option><option value=\"French Polynesia\">French Polynesia<\/option><option value=\"Poland\">Poland<\/option><option value=\"Portugal\">Portugal<\/option><option value=\"Puerto Rico\">Puerto Rico<\/option><option value=\"Principality of Monaco\">Principality of Monaco<\/option><option value=\"Qatar\">Qatar<\/option><option value=\"United Kingdom (UK)\">United Kingdom (UK)<\/option><option value=\"Czech Republic\">Czech Republic<\/option><option value=\"Central African Republic\">Central African Republic<\/option><option value=\"Republic of the Congo\">Republic of the Congo<\/option><option value=\"Dominican Republic\">Dominican Republic<\/option><option value=\"Romania\">Romania<\/option><option value=\"Russia\">Russia<\/option><option value=\"Rwanda\">Rwanda<\/option><option value=\"Western Sahara\">Western Sahara<\/option><option value=\"Saint Kitts and Nevis\">Saint Kitts and Nevis<\/option><option value=\"Saint Vincent and the Grenadines\">Saint Vincent and the Grenadines<\/option><option value=\"Samoa\">Samoa<\/option><option value=\"San Marino\">San Marino<\/option><option value=\"Saint Lucia\">Saint Lucia<\/option><option value=\"Sao Tome and Principe\">Sao Tome and Principe<\/option><option value=\"Senegal\">Senegal<\/option><option value=\"Serbia\">Serbia<\/option><option value=\"Seychelles\">Seychelles<\/option><option value=\"Sierra Leone\">Sierra Leone<\/option><option value=\"Singapore\">Singapore<\/option><option value=\"Syria\">Syria<\/option><option value=\"Slovakia\">Slovakia<\/option><option value=\"Slovenia\">Slovenia<\/option><option value=\"Solomon Islands\">Solomon Islands<\/option><option value=\"Somalia\">Somalia<\/option><option value=\"Spain\">Spain<\/option><option value=\"Sri Lanka\">Sri Lanka<\/option><option value=\"South Africa\">South Africa<\/option><option value=\"Sudan\">Sudan<\/option><option value=\"Suriname\">Suriname<\/option><option value=\"Sweden\">Sweden<\/option><option value=\"Switzerland\">Switzerland<\/option><option value=\"Eswatini (Swaziland)\">Eswatini (Swaziland)<\/option><option value=\"Tajikistan\">Tajikistan<\/option><option value=\"Tanzania\">Tanzania<\/option><option value=\"Thailand\">Thailand<\/option><option value=\"Tikehau (French Polynesia)\">Tikehau (French Polynesia)<\/option><option value=\"East Timor\">East Timor<\/option><option value=\"Togo\">Togo<\/option><option value=\"Tonga\">Tonga<\/option><option value=\"Trinidad &amp; Tobago\">Trinidad &amp; Tobago<\/option><option value=\"Tunisia\">Tunisia<\/option><option value=\"Turkey\">Turkey<\/option><option value=\"Turkmenistan\">Turkmenistan<\/option><option value=\"Turks and Caicos Islands\">Turks and Caicos Islands<\/option><option value=\"Tuvalu\">Tuvalu<\/option><option value=\"Ukraine\">Ukraine<\/option><option value=\"Uganda\">Uganda<\/option><option value=\"Hungary\">Hungary<\/option><option value=\"Uruguay\">Uruguay<\/option><option value=\"United States of America (USA)\">United States of America (USA)<\/option><option value=\"Uzbekistan\">Uzbekistan<\/option><option value=\"Vanuatu\">Vanuatu<\/option><option value=\"Venezuela\">Venezuela<\/option><option value=\"Vietnam\">Vietnam<\/option><option value=\"Yemen\">Yemen<\/option><option value=\"Zambia\">Zambia<\/option><option value=\"Zimbabwe\">Zimbabwe<\/option><\/select><\/span>\n\t<\/p>\n<\/div>\n<div data-id=\"group-lingua\" data-orig_data_id=\"group-lingua\"  data-class=\"wpcf7cf_group\">\n\t<div class=\"col-sm-12 col-lg-6\" style=\"padding-left: 0;\">\n\t\t<p><label> Course language \/ Idioma del curso* <\/label><span class=\"wpcf7-form-control-wrap\" data-name=\"lingua\"><select class=\"wpcf7-form-control wpcf7-select wpcf7-validates-as-required\" aria-required=\"true\" aria-invalid=\"false\" name=\"lingua\"><option value=\"\">&#8212;Please choose an option&#8212;<\/option><option value=\"ITA\">ITA<\/option><option value=\"ENG\">ENG<\/option><\/select><\/span>\n\t\t<\/p>\n\t<\/div>\n<\/div>\n<div class=\"col-sm-12 col-lg-6\" style=\"padding-left: 0;\">\n\t<div data-id=\"sede\" data-orig_data_id=\"sede\"  data-class=\"wpcf7cf_group\">\n\t\t<p><label> Sede \/ Location *<\/label><span class=\"wpcf7-form-control-wrap\" data-name=\"sede\"><select class=\"wpcf7-form-control wpcf7-select wpcf7-validates-as-required\" aria-required=\"true\" aria-invalid=\"false\" name=\"sede\"><option value=\"\">&#8212;Please choose an option&#8212;<\/option><option value=\"ROMA\/ROME\">ROMA\/ROME<\/option><option value=\"MILANO\/MILAN\">MILANO\/MILAN<\/option><\/select><\/span>\n\t\t<\/p>\n\t<\/div>\n<\/div>\n<div class=\"row\">\n\t<div class=\"col-sm-12\">\n\t\t<p>*mandatory \/ obligatorio\n\t\t<\/p>\n\t\t<p><span class=\"wpcf7-form-control-wrap\" data-name=\"privacy\"><span class=\"wpcf7-form-control wpcf7-acceptance\"><span class=\"wpcf7-list-item\"><input type=\"checkbox\" name=\"privacy\" value=\"1\" aria-invalid=\"false\" \/><\/span><\/span><\/span><span>I confirm that I have read the \u00a0<a href=\"https:\/\/www.unirufa.it\/en\/informativa-privacy-sito\/\">\n\t\t\t\t\t<font color=\"blue\">Privacy Policy\n\t\t\t\t\t<\/font><\/a>\u00a0and agree to receive the requested information from RUFA Rome University of Fine Arts. * \/ Confirmo que he le\u00eddo la <a href=\"https:\/\/www.unirufa.it\/es\/informativa-privacy-sito\/\">\n\t\t\t\t\t<font color=\"blue\">Pol\u00edtica de privacidad\n\t\t\t\t\t<\/font><\/a> y acepto recibir la informaci\u00f3n solicitada de RUFA Rome University of Fine Arts.*<\/span>\n\t\t<\/p>\n\t\t<p><span class=\"wpcf7-form-control-wrap\" data-name=\"promotion\"><span class=\"wpcf7-form-control wpcf7-acceptance optional\"><span class=\"wpcf7-list-item\"><input type=\"checkbox\" name=\"promotion\" value=\"1\" aria-invalid=\"false\" \/><\/span><\/span><\/span><span>I agree to receive other communications from RUFA Rome University of Fine Arts (e.g., Scholarships, events and workshops). \/ Acepto recibir otras comunicaciones de RUFA Rome University of Fine Arts (por ejemplo, becas, eventos y talleres).<\/span>\n\t\t<\/p>\n\t\t<p><input class=\"wpcf7-form-control wpcf7-submit has-spinner\" type=\"submit\" value=\"Send \/ Enviar\" \/>\n\t\t<\/p>\n\t<\/div>\n<\/div><div class=\"wpcf7-response-output\" aria-hidden=\"true\"><\/div>\n<\/form>\n<\/div>\n\n<p><a id=\"btn-regolamentocorso\" class=\"download-btn full\" style=\"background-color: #007ac9; border-color: #007ac9;\" href=\"https:\/\/www.unirufa.it\/progetti-studenti-graphic-design\/\"><span style=\"color: #ffffff;\">MIRA LOS PROYECTOS DE LOS ESTUDIANTES DE GRAPHIC DESIGN<\/span><\/a><\/p>\n<p><strong>DIPLOMA ACAD\u00c9MICO DE PRIMER NIVEL EN DISE\u00d1O GR\u00c1FICO<br \/>\nPrograma de estudios recomendado &#8211; Participaci\u00f3n obligada en las sedes de RUFA en Roma.<\/strong><br \/>\n\n<table id=\"tablepress-217\" class=\"tablepress tablepress-id-217 tablepress-responsive\">\n<thead>\n<tr class=\"row-1\">\n\t<th class=\"column-1\">A\u00d1O<\/th><th class=\"column-2\">MATERIA<\/th><th class=\"column-3\">CFA<\/th>\n<\/tr>\n<\/thead>\n<tbody class=\"row-hover\">\n<tr class=\"row-2\">\n\t<td class=\"column-1\">1 A\u00d1O<\/td><td class=\"column-2\">\n    <div class=\"accordion_row\">\n        <div class=\"title_row\" id=\"titleRow\" onClick=\"iperTableAccordion(this)\">\n            <strong> Dise\u00f1o t\u00e9cnico y proyectual  <\/strong>        <\/div>\n        <div class=\"text_row\" id=\"textRow\">\n            T\u00e9cnicas y herramientas \u00fatiles para crear los aspectos creativos y operativos de tu obra gr\u00e1fica. Los objetivos son agudizar las habilidades de dise\u00f1o l\u00f3gico de los estudiantes mediante el uso de la geometr\u00eda y la composici\u00f3n y ense\u00f1arles a crear una marca, desde la fase inicial hasta la construcci\u00f3n, hasta el uso del manual de la marca.        <\/div>\n    <\/div>\n\n    <\/td><td class=\"column-3\">10<\/td>\n<\/tr>\n<tr class=\"row-3\">\n\t<td class=\"column-1\"><\/td><td class=\"column-2\">\n    <div class=\"accordion_row\">\n        <div class=\"title_row\" id=\"titleRow\" onClick=\"iperTableAccordion(this)\">\n            <strong> Computer graphic <\/strong>        <\/div>\n        <div class=\"text_row\" id=\"textRow\">\n            T\u00e9cnicas y herramientas b\u00e1sicas: programas inform\u00e1ticos para la gesti\u00f3n y creaci\u00f3n de una maqueta editorial; programas inform\u00e1ticos para la gesti\u00f3n de archivos, im\u00e1genes vectoriales e im\u00e1genes; programas inform\u00e1ticos para la gesti\u00f3n de archivos impresos e interactivos; programas inform\u00e1ticos para el dise\u00f1o de interfaces gr\u00e1ficas y flujos de usuarios.        <\/div>\n    <\/div>\n\n    <\/td><td class=\"column-3\">10<\/td>\n<\/tr>\n<tr class=\"row-4\">\n\t<td class=\"column-1\"><\/td><td class=\"column-2\">\n    <div class=\"accordion_row\">\n        <div class=\"title_row\" id=\"titleRow\" onClick=\"iperTableAccordion(this)\">\n            <strong> Historia de la impresi\u00f3n y la editorial <\/strong>        <\/div>\n        <div class=\"text_row\" id=\"textRow\">\n            Conocimiento b\u00e1sico de la historia del dise\u00f1o gr\u00e1fico. Sus diversas formas y significados se han desarrollado a lo largo del tiempo: desde Gutenberg, pasando por el siglo XX, hasta el siglo XXI. Se estudiar\u00e1 en profundidad la producci\u00f3n y la forma de pensar de los principales protagonistas de cada periodo, al tiempo que se hace hincapi\u00e9 en las innovaciones t\u00e9cnicas que son impulsos necesarios para el pensamiento creativo.        <\/div>\n    <\/div>\n\n    <\/td><td class=\"column-3\">8<\/td>\n<\/tr>\n<tr class=\"row-5\">\n\t<td class=\"column-1\"><\/td><td class=\"column-2\">\n    <div class=\"accordion_row\">\n        <div class=\"title_row\" id=\"titleRow\" onClick=\"iperTableAccordion(this)\">\n            <strong> Graphic design 1 <\/strong>        <\/div>\n        <div class=\"text_row\" id=\"textRow\">\n            Dise\u00f1o gr\u00e1fico: historia de la comunicaci\u00f3n visual para adquirir fundamentos te\u00f3rico-cr\u00edticos, fase pr\u00e1ctica para adquirir conocimientos y crear los conceptos relacionados con la tipograf\u00eda, la composici\u00f3n, lo visual y la maquetaci\u00f3n.        <\/div>\n    <\/div>\n\n    <\/td><td class=\"column-3\">12<\/td>\n<\/tr>\n<tr class=\"row-6\">\n\t<td class=\"column-1\"><\/td><td class=\"column-2\">\n    <div class=\"accordion_row\">\n        <div class=\"title_row\" id=\"titleRow\" onClick=\"iperTableAccordion(this)\">\n            <strong> Fotograf\u00eda 1 <\/strong>        <\/div>\n        <div class=\"text_row\" id=\"textRow\">\n            Los fundamentos de la historia de la fotograf\u00eda a trav\u00e9s del estudio de las im\u00e1genes y de los autores que las crearon. Ejercicios pr\u00e1cticos: puesta en marcha de la c\u00e1mara e iluminaci\u00f3n artificial. El cuarto de luz y las conexiones con el cuarto oscuro. Las nuevas posibilidades que ofrecen los programas de revelado, postproducci\u00f3n y edici\u00f3n.        <\/div>\n    <\/div>\n\n    <\/td><td class=\"column-3\">8<\/td>\n<\/tr>\n<tr class=\"row-7\">\n\t<td class=\"column-1\"><\/td><td class=\"column-2\">Una materia de libre elecci\u00f3n entre:<\/td><td class=\"column-3\"><\/td>\n<\/tr>\n<tr class=\"row-8\">\n\t<td class=\"column-1\"><\/td><td class=\"column-2\">\n    <div class=\"accordion_row\">\n        <div class=\"title_row\" id=\"titleRow\" onClick=\"iperTableAccordion(this)\">\n            <strong> Semi\u00f3tica del arte <\/strong>        <\/div>\n        <div class=\"text_row\" id=\"textRow\">\n            El signo, la interpretaci\u00f3n, el texto y la imagen, como temas principales y herramientas interpretativas de la semi\u00f3tica. Una lectura completa del mundo art\u00edstico: la pintura, la escultura y la arquitectura hasta las formas m\u00e1s modernas del arte digital.        <\/div>\n    <\/div>\n\n    <\/td><td class=\"column-3\">6<\/td>\n<\/tr>\n<tr class=\"row-9\">\n\t<td class=\"column-1\"><\/td><td class=\"column-2\">\n    <div class=\"accordion_row\">\n        <div class=\"title_row\" id=\"titleRow\" onClick=\"iperTableAccordion(this)\">\n            <strong> Illustraci\u00f3n <\/strong>        <\/div>\n        <div class=\"text_row\" id=\"textRow\">\n            Estudio en profundidad de la historia de la ilustraci\u00f3n, dise\u00f1o de la imagen dibujada, pr\u00e1ctica manual con t\u00e9cnicas art\u00edsticas hasta la creaci\u00f3n de un cuaderno de bocetos propio.        <\/div>\n    <\/div>\n\n    <\/td><td class=\"column-3\">6<\/td>\n<\/tr>\n<tr class=\"row-10\">\n\t<td class=\"column-1\"><\/td><td class=\"column-2\"><strong>Actividad de formaci\u00f3n a elecci\u00f3n del estudiante<\/strong><\/td><td class=\"column-3\">6<\/td>\n<\/tr>\n<tr class=\"row-11\">\n\t<td class=\"column-1\">2 A\u00d1O<\/td><td class=\"column-2\">\n    <div class=\"accordion_row\">\n        <div class=\"title_row\" id=\"titleRow\" onClick=\"iperTableAccordion(this)\">\n            <strong> Metodolog\u00edas de dise\u00f1o <\/strong>        <\/div>\n        <div class=\"text_row\" id=\"textRow\">\n            Manejo de los procesos y pr\u00e1cticas relacionadas con el dise\u00f1o de la comunicaci\u00f3n visual. Los alumnos tomar\u00e1n conciencia y autonom\u00eda a la hora de enfrentarse a la cultura del dise\u00f1o gr\u00e1fico. Identificaci\u00f3n de las metodolog\u00edas propias de los distintos campos del dise\u00f1o gr\u00e1fico (que se pueden ver en la estructuraci\u00f3n y resoluci\u00f3n de problemas), tanto desde el punto de vista te\u00f3rico como pr\u00e1ctico. A partir de un tema espec\u00edfico como caso de estudio, desarrollo de un proceso de dise\u00f1o capaz de garantizar un resultado de alta calidad tanto en la teor\u00eda como en la pr\u00e1ctica.        <\/div>\n    <\/div>\n\n    <\/td><td class=\"column-3\">6<\/td>\n<\/tr>\n<tr class=\"row-12\">\n\t<td class=\"column-1\"><\/td><td class=\"column-2\">\n    <div class=\"accordion_row\">\n        <div class=\"title_row\" id=\"titleRow\" onClick=\"iperTableAccordion(this)\">\n            <strong> Historia del arte contempor\u00e1neo <\/strong>        <\/div>\n        <div class=\"text_row\" id=\"textRow\">\n            Estudio de los momentos y protagonistas de la fenomenolog\u00eda del arte. Entre ellos: el arte griego cl\u00e1sico (el equilibrio de Polykleitos), el arte paleocristiano, el antropocentrismo del 1400, el barroco, el impresionismo y las vanguardias del 1900.        <\/div>\n    <\/div>\n\n    <\/td><td class=\"column-3\">6<\/td>\n<\/tr>\n<tr class=\"row-13\">\n\t<td class=\"column-1\"><\/td><td class=\"column-2\">\n    <div class=\"accordion_row\">\n        <div class=\"title_row\" id=\"titleRow\" onClick=\"iperTableAccordion(this)\">\n            <strong> Graphic design 2 <\/strong>        <\/div>\n        <div class=\"text_row\" id=\"textRow\">\n            Aprendizaje de metodolog\u00edas de dise\u00f1o y herramientas te\u00f3ricas y pr\u00e1cticas para comunicar conceptos complejos. Comunicaci\u00f3n de un evento \/ exposici\u00f3n a trav\u00e9s de la cual los estudiantes har\u00e1n pruebas con varios temas asignados. Estudio en profundidad de la luz y el color en el \u00e1mbito de la f\u00edsica, la qu\u00edmica y la neurociencia aplicada al dise\u00f1o gr\u00e1fico.        <\/div>\n    <\/div>\n\n    <\/td><td class=\"column-3\">12<\/td>\n<\/tr>\n<tr class=\"row-14\">\n\t<td class=\"column-1\"><\/td><td class=\"column-2\">\n    <div class=\"accordion_row\">\n        <div class=\"title_row\" id=\"titleRow\" onClick=\"iperTableAccordion(this)\">\n            <strong> Web design <\/strong>        <\/div>\n        <div class=\"text_row\" id=\"textRow\">\n            Estudio de la metodolog\u00eda y las herramientas operativas para el dise\u00f1o y la creaci\u00f3n de sitios web: tecnolog\u00edas, normas, l\u00edmites y posibilidades de vanguardia. Dise\u00f1o web, contenido y mapa del sitio, wireframe y mockup, configuraci\u00f3n para el desarrollo basado en Wordpress con una plantilla predefinida, utilizando lenguajes HTML y CSS y desarrollando el conocimiento de animaciones CSS3. Planificaci\u00f3n, dise\u00f1o y desarrollo de una web responsive.        <\/div>\n    <\/div>\n\n    <\/td><td class=\"column-3\">8<\/td>\n<\/tr>\n<tr class=\"row-15\">\n\t<td class=\"column-1\"><\/td><td class=\"column-2\">\n    <div class=\"accordion_row\">\n        <div class=\"title_row\" id=\"titleRow\" onClick=\"iperTableAccordion(this)\">\n            <strong> Elementos de la gr\u00e1fica editorial <\/strong>        <\/div>\n        <div class=\"text_row\" id=\"textRow\">\n            Ense\u00f1anza te\u00f3rica y pr\u00e1ctica de las nociones b\u00e1sicas relacionadas con la maquetaci\u00f3n de cualquier tipo de proyecto editorial. Preparaci\u00f3n para cualquier tipo de producci\u00f3n, impresa y digital.        <\/div>\n    <\/div>\n\n    <\/td><td class=\"column-3\">8<\/td>\n<\/tr>\n<tr class=\"row-16\">\n\t<td class=\"column-1\"><\/td><td class=\"column-2\">\n    <div class=\"accordion_row\">\n        <div class=\"title_row\" id=\"titleRow\" onClick=\"iperTableAccordion(this)\">\n            <strong> Fotograf\u00cda 2 <\/strong>        <\/div>\n        <div class=\"text_row\" id=\"textRow\">\n            Estudio en profundidad del lenguaje fotogr\u00e1fico, desde el l\u00e9xico hasta la gram\u00e1tica contempor\u00e1nea. El objetivo principal es el desarrollo de la voz del autor, pensada como marca distintiva y como herramienta para un posicionamiento eficaz en el mercado. El pensamiento de dise\u00f1o aplicado a la fotograf\u00eda permitir\u00e1 al alumno crear proyectos cada vez m\u00e1s complejos de im\u00e1genes al servicio del campo visual contempor\u00e1neo; abordar y gestionar el uso de la Fotograf\u00eda en medios contempor\u00e1neos, cl\u00e1sicos y digitales.        <\/div>\n    <\/div>\n\n    <\/td><td class=\"column-3\">6<\/td>\n<\/tr>\n<tr class=\"row-17\">\n\t<td class=\"column-1\"><\/td><td class=\"column-2\">\n    <div class=\"accordion_row\">\n        <div class=\"title_row\" id=\"titleRow\" onClick=\"iperTableAccordion(this)\">\n            <strong> Copywriting 1 <\/strong>        <\/div>\n        <div class=\"text_row\" id=\"textRow\">\n            Construir conceptos, im\u00e1genes y mecanismos de persuasi\u00f3n a trav\u00e9s de las palabras. Comunicar para hacer que los productos y las ideas sean reales, conocidos, deseables. Las clases incluyen teor\u00eda, ejercicios pr\u00e1cticos y la creaci\u00f3n continua y constante de estrategias conceptuales s\u00f3lidas y viables. El curso se imparte en colaboraci\u00f3n con otras asignaturas metodol\u00f3gicas.        <\/div>\n    <\/div>\n\n    <\/td><td class=\"column-3\">4<\/td>\n<\/tr>\n<tr class=\"row-18\">\n\t<td class=\"column-1\"><\/td><td class=\"column-2\">\n    <div class=\"accordion_row\">\n        <div class=\"title_row\" id=\"titleRow\" onClick=\"iperTableAccordion(this)\">\n            <strong> T\u00e9cnicas y tecnolog\u00edas de la gr\u00e1fica <\/strong>        <\/div>\n        <div class=\"text_row\" id=\"textRow\">\n            A trav\u00e9s de un programa te\u00f3rico, el curso pretende presentar y llamar la atenci\u00f3n del alumno sobre el abanico de diferentes t\u00e9cnicas y tecnolog\u00edas de impresi\u00f3n y montaje, relacionadas con los diversos materiales, que conciernen a los artefactos f\u00edsicos relacionados con la profesi\u00f3n del dise\u00f1ador visual.        <\/div>\n    <\/div>\n\n    <\/td><td class=\"column-3\">6<\/td>\n<\/tr>\n<tr class=\"row-19\">\n\t<td class=\"column-1\"> <\/td><td class=\"column-2\"><strong>Actividad de formaci\u00f3n a elecci\u00f3n del estudiante<\/strong><\/td><td class=\"column-3\">4<\/td>\n<\/tr>\n<tr class=\"row-20\">\n\t<td class=\"column-1\">3 A\u00d1O<\/td><td class=\"column-2\">\n    <div class=\"accordion_row\">\n        <div class=\"title_row\" id=\"titleRow\" onClick=\"iperTableAccordion(this)\">\n            <strong> Teor\u00eda y m\u00e9todo de los medios de comunicaci\u00f3n <\/strong>        <\/div>\n        <div class=\"text_row\" id=\"textRow\">\n            El escenario de la comunicaci\u00f3n de gran alcance: herramientas \u00fatiles para dibujar un mapa del presente y crear consciente y cr\u00edticamente una obra personal. An\u00e1lisis de la transformaci\u00f3n antropol\u00f3gica de nuestro tiempo que a\u00f1ade valor a la comunicaci\u00f3n y a la imaginaci\u00f3n, con un enfoque en el trabajador del conocimiento.        <\/div>\n    <\/div>\n\n    <\/td><td class=\"column-3\">6<\/td>\n<\/tr>\n<tr class=\"row-21\">\n\t<td class=\"column-1\"><\/td><td class=\"column-2\">\n    <div class=\"accordion_row\">\n        <div class=\"title_row\" id=\"titleRow\" onClick=\"iperTableAccordion(this)\">\n            <strong> Graphic design 3<\/strong>        <\/div>\n        <div class=\"text_row\" id=\"textRow\">\n            Desarrollo de habilidades de dise\u00f1o con un enfoque din\u00e1mico y estrat\u00e9gico: desde la concepci\u00f3n hasta la creaci\u00f3n de un sistema visual con un mensaje impactante. Capacidad para afrontar, interactuar y controlar los medios de comunicaci\u00f3n emergentes, as\u00ed como los convencionales, y utilizarlos en relaci\u00f3n con el objetivo. Estudio de la publicidad: desde el concepto hasta los canales de comunicaci\u00f3n, pasando por las normas de maquetaci\u00f3n y composici\u00f3n. Creaci\u00f3n de una campa\u00f1a publicitaria.        <\/div>\n    <\/div>\n\n    <\/td><td class=\"column-3\">12<\/td>\n<\/tr>\n<tr class=\"row-22\">\n\t<td class=\"column-1\"><\/td><td class=\"column-2\">\n    <div class=\"accordion_row\">\n        <div class=\"title_row\" id=\"titleRow\" onClick=\"iperTableAccordion(this)\">\n            <strong> Packaging <\/strong>        <\/div>\n        <div class=\"text_row\" id=\"textRow\">\n            Historia del dise\u00f1o de empaques y enfoque en la profesi\u00f3n del dise\u00f1ador de empaques. Estudio de los aspectos funcionales, est\u00e9ticos y sem\u00e1nticos, los materiales, las normas y los detalles de dise\u00f1o de los empaques de cart\u00f3n. An\u00e1lisis de las formas geom\u00e9tricas, prestando especial atenci\u00f3n a la transici\u00f3n del mundo bidimensional al tridimensional. Comunicaci\u00f3n: forma, materiales y color. Procedimientos pr\u00e1cticos de presentaci\u00f3n del proyecto.        <\/div>\n    <\/div>\n\n    <\/td><td class=\"column-3\">6<\/td>\n<\/tr>\n<tr class=\"row-23\">\n\t<td class=\"column-1\"><\/td><td class=\"column-2\">\n    <div class=\"accordion_row\">\n        <div class=\"title_row\" id=\"titleRow\" onClick=\"iperTableAccordion(this)\">\n            <strong> Copywriting 2 <\/strong>        <\/div>\n        <div class=\"text_row\" id=\"textRow\">\n            Refuerzo de los conceptos aprendidos, que se aplican a campa\u00f1as y proyectos de comunicaci\u00f3n m\u00e1s amplios, tambi\u00e9n en colaboraci\u00f3n con las dem\u00e1s asignaturas de dise\u00f1o. El curso tiene como objetivo preparar adecuadamente a los estudiantes para acceder al mercado laboral.        <\/div>\n    <\/div>\n\n    <\/td><td class=\"column-3\">4<\/td>\n<\/tr>\n<tr class=\"row-24\">\n\t<td class=\"column-1\"><\/td><td class=\"column-2\">\n    <div class=\"accordion_row\">\n        <div class=\"title_row\" id=\"titleRow\" onClick=\"iperTableAccordion(this)\">\n            <strong> T\u00e9cnicas de animaci\u00f3n digital <\/strong>        <\/div>\n        <div class=\"text_row\" id=\"textRow\">\n            Primera aproximaci\u00f3n a la animaci\u00f3n: herramientas t\u00e9cnicas y habilidades creativas para la creaci\u00f3n de productos gr\u00e1ficos animados y motion graphics. Aprendizaje y uso de software para la creaci\u00f3n de efectos, edici\u00f3n fotogr\u00e1fica, dise\u00f1o gr\u00e1fico; llegando al proyecto final a trav\u00e9s de la animaci\u00f3n, la composici\u00f3n y el renderizado.        <\/div>\n    <\/div>\n\n    <\/td><td class=\"column-3\">6<\/td>\n<\/tr>\n<tr class=\"row-25\">\n\t<td class=\"column-1\"><\/td><td class=\"column-2\">\n    <div class=\"accordion_row\">\n        <div class=\"title_row\" id=\"titleRow\" onClick=\"iperTableAccordion(this)\">\n            <strong> T\u00e9cnicas de modelado digital y computarizado- 3D<\/strong>        <\/div>\n        <div class=\"text_row\" id=\"textRow\">\n            T\u00e9cnicas de dibujo bidimensional y modelado tridimensional con software espec\u00edfico. Gesti\u00f3n de archivos e intercambio de documentos entre el software de 3D y el de arquitectura. Caracter\u00edsticas del software de estudio de luces y materiales para simular la realidad a trav\u00e9s de la creaci\u00f3n de la imagen fotogr\u00e1fica.        <\/div>\n    <\/div>\n\n    <\/td><td class=\"column-3\">6<\/td>\n<\/tr>\n<tr class=\"row-26\">\n\t<td class=\"column-1\"><\/td><td class=\"column-2\">\n    <div class=\"accordion_row\">\n        <div class=\"title_row\" id=\"titleRow\" onClick=\"iperTableAccordion(this)\">\n            <strong> Tecnolog\u00eda Inform\u00e1tica  <\/strong>        <\/div>\n        <div class=\"text_row\" id=\"textRow\">\n            El dise\u00f1o generativo y el profesional Creative Coder: integraci\u00f3n de las habilidades de comunicaci\u00f3n visual con las de programaci\u00f3n. Dise\u00f1o param\u00e9trico: uni\u00f3n de las matem\u00e1ticas y la creatividad.        <\/div>\n    <\/div>\n\n    <\/td><td class=\"column-3\">4<\/td>\n<\/tr>\n<tr class=\"row-27\">\n\t<td class=\"column-1\"><\/td><td class=\"column-2\">\n    <div class=\"accordion_row\">\n        <div class=\"title_row\" id=\"titleRow\" onClick=\"iperTableAccordion(this)\">\n            <strong> Ingl\u00e9s<\/strong>        <\/div>\n        <div class=\"text_row\" id=\"textRow\">\n            Profundizaci\u00f3n de temas y t\u00f3picos relacionados con el campo del arte mediante el uso de diferente vocabulario y estilos para mejorar las habilidades comunicativas de los alumnos en ingl\u00e9s.        <\/div>\n    <\/div>\n\n    <\/td><td class=\"column-3\">4<\/td>\n<\/tr>\n<tr class=\"row-28\">\n\t<td class=\"column-1\"><\/td><td class=\"column-2\"><strong>Habilidades ling\u00fc\u00edsticas e interpersonales adicionales, pasant\u00edas, etc.<\/strong><\/td><td class=\"column-3\">4<\/td>\n<\/tr>\n<tr class=\"row-29\">\n\t<td class=\"column-1\"><\/td><td class=\"column-2\"><strong>Prueba final <\/strong><\/td><td class=\"column-3\">8<\/td>\n<\/tr>\n<\/tbody>\n<tfoot>\n<tr class=\"row-30\">\n\t<th class=\"column-1\"><\/th><th class=\"column-2\"><strong>Total cr\u00e9ditos<\/strong><\/th><th class=\"column-3\">180<\/th>\n<\/tr>\n<\/tfoot>\n<\/table>\n<!-- #tablepress-217 from cache -->\n<p>&nbsp;<\/p>\n<h5>FAQ<\/h5>\n<div class=\"su-accordion su-u-trim\"><\/div><div class=\"su-spoiler su-spoiler-style-default su-spoiler-icon-plus su-spoiler-closed\" data-scroll-offset=\"0\" data-anchor-in-url=\"no\"><div class=\"su-spoiler-title\" tabindex=\"0\" role=\"button\"><span class=\"su-spoiler-icon\"><\/span>PRUEBA DE ADMISI\u00d3N<\/div><div class=\"su-spoiler-content su-u-clearfix su-u-trim\">\n<p>La prueba de admisi\u00f3n tiene como objetivo evaluar la formaci\u00f3n de los estudiantes y su motivaci\u00f3n para realizar el proyecto did\u00e1ctico RUFA. Quienes est\u00e9n en posesi\u00f3n de un Diploma Acad\u00e9mico de Nivel I relacionado con el curso acad\u00e9mico de Nivel II elegido podr\u00e1n matricularse directamente sin realizar la prueba de acceso.<\/p>\n<div class=\"row\">\n<div class=\"col-md-6\">\n<h3>\u00bfC\u00f3mo se realizar\u00e1 la prueba?<\/h3>\n<h4>Una entrevista de motivaci\u00f3n apoyada por un portafolio y\/o, en su defecto, la propia tesis.<\/h4>\n<\/div>\n<div class=\"col-md-6\">\n<h3>\u00bfC\u00f3mo estar\u00e1 compuesta la comisi\u00f3n?<\/h3>\n<h4>El comit\u00e9 estar\u00e1 compuesto por los profesores del curso y el Consejo Acad\u00e9mico.<\/h4>\n<\/div>\n<\/div>\n<\/div><\/div>\n<div class=\"su-accordion su-u-trim\"><\/div><div class=\"su-spoiler su-spoiler-style-default su-spoiler-icon-plus su-spoiler-closed\" data-scroll-offset=\"0\" data-anchor-in-url=\"no\"><div class=\"su-spoiler-title\" tabindex=\"0\" role=\"button\"><span class=\"su-spoiler-icon\"><\/span>TASAS<\/div><div class=\"su-spoiler-content su-u-clearfix su-u-trim\">\n\n<table id=\"tablepress-268-no-3\" class=\"tablepress tablepress-id-268 tablepress-responsive\">\n<thead>\n<tr class=\"row-1\">\n\t<th class=\"column-1\">REDDITO - INCOME - INGRESOS \/000 \u20ac<\/th><th class=\"column-2\">RETTE - TUITION FEES - TASAS ANUALES \u20ac<\/th>\n<\/tr>\n<\/thead>\n<tbody class=\"row-striping row-hover\">\n<tr class=\"row-2\">\n\t<td class=\"column-1\">tra 0 a 40 - between 0 and 40 - entre 0 y 40 <\/td><td class=\"column-2\">7.000,00<\/td>\n<\/tr>\n<tr class=\"row-3\">\n\t<td class=\"column-1\">tra 40 a 70 - between 40 and 70 - entre 40 y 70 <\/td><td class=\"column-2\">7.500,00<\/td>\n<\/tr>\n<tr class=\"row-4\">\n\t<td class=\"column-1\">tra 70 a 100 - between 70 and 100 - entre 70 y 100 <\/td><td class=\"column-2\">8.500,00<\/td>\n<\/tr>\n<tr class=\"row-5\">\n\t<td class=\"column-1\">oltre 100 - over 100 - sobre 100<\/td><td class=\"column-2\">10.000,00<\/td>\n<\/tr>\n<\/tbody>\n<\/table>\n\n<p>*Los estudiantes que no pertenecen a la UE deben pagar las tasas maxima para cuota de ingresos superiores a 100, excepto en algunos pa\u00edses.<\/p>\n<p><strong>Tambi\u00e9n se deben pagar las siguientes tasas:<\/strong><br \/>\n&#8211; tasa de la prueba de admisi\u00f3n (solo 1<sup>er<\/sup> a\u00f1o) 100,00 euros;<br \/>\n&#8211; impuesto regional anual (Ente Regionale per il Diritto allo Studio e alla Conoscenza &#8211; DiSCo) 140,00 euros;<br \/>\n&#8211; tasa de graduaci\u00f3n (s\u00f3lo para el 3<sup>er<\/sup> a\u00f1o) 400,00 euros;<br \/>\n&#8211; impuesto de graduaci\u00f3n (s\u00f3lo en el 3<sup>er<\/sup> a\u00f1o) (Ufficio del Registro Tasse CC.GG. &#8211; Roma &#8211; Tasse Scolastiche &#8211; c.c.p. 1016) 90,84 euros.<br \/>\n*Turqu\u00eda e Israel.<br \/>\n<\/div><\/div>\n<div class=\"su-accordion su-u-trim\"><\/div><div class=\"su-spoiler su-spoiler-style-default su-spoiler-icon-plus su-spoiler-closed\" data-scroll-offset=\"0\" data-anchor-in-url=\"no\"><div class=\"su-spoiler-title\" tabindex=\"0\" role=\"button\"><span class=\"su-spoiler-icon\"><\/span>MODO DE PAGO<\/div><div class=\"su-spoiler-content su-u-clearfix su-u-trim\">\n<h3>Modo de pago para estudiantes italianos:<\/h3>\n<p>1200,00 \u20ac Cuota de inscripci\u00f3n anual \/ a pagar en el momento de la inscripci\u00f3n cada a\u00f1o.<br \/>\nLa parte restante de la matr\u00edcula anual y la contribuci\u00f3n a la educaci\u00f3n se puede pagar en:<br \/>\n&#8211; un pago \u00fanico antes del 30 de noviembre, con una reducci\u00f3n del 5% en las tarifas;<br \/>\n&#8211; 3 pagos (30 de noviembre, 31 de diciembre y 31 de enero);<br \/>\n&#8211; 4 pagos (30 de noviembre, 31 de enero, 31 de marzo y 31 de mayo);<br \/>\n&#8211; 6 pagos (30 de noviembre, 31 de diciembre, 31 de enero, 28 de febrero, 31 de marzo y 30 de abril);<br \/>\n&#8211; 12 pagos con financiaci\u00f3n al 0% de inter\u00e9s (Se requiere \u00faltima n\u00f3mina o declaraci\u00f3n de impuestos, as\u00ed como fotocopia del c\u00e9dula de avalista y c\u00f3digo fiscal).<\/p>\n<h3>Modo de pago para estudiantes internacionales:<\/h3>\n<p>800,00 \u20ac Cuota de inscripci\u00f3n anual \/ a pagar en el momento de la inscripci\u00f3n cada a\u00f1o.<br \/>\nLa parte restante de la matr\u00edcula anual y la contribuci\u00f3n educativa deben pagarse a m\u00e1s tardar el 10 de septiembre.<\/p>\n<h3>Early bird<\/h3>\n<p>(V\u00e1lido s\u00f3lo en el primer a\u00f1o)<br \/>\nTodos los <strong>estudiantes italianos<\/strong> que se matriculen directamente antes del 30 de julio  se beneficiar\u00e1n de una reducci\u00f3n de 800,00 euros aplicable directamente al pagar la matr\u00edcula anual seg\u00fan el m\u00e9todo de pago elegido. <\/p>\n<p>Si el <strong>estudiante internacional<\/strong> opta por pagar la parte restante de la matr\u00edcula anual y la contribuci\u00f3n educativa antes del 31 de mayo, tendr\u00e1 derecho a una reducci\u00f3n del 15%; o si opta por pagar antes del 31 de julio, tendr\u00e1 derecho a una reducci\u00f3n del 10%.<br \/>\nEl pago anticipado no es acumulable con becas y\/o con otras ayudas econ\u00f3micas.<br \/>\n<\/div><\/div>","protected":false},"excerpt":{"rendered":"<p>DID\u00c1CTICA EN ITALIANO Y EN INGL\u00c9S\u276f Se\u00f1ales a tu alrededor Desempe\u00f1ar\u00e1s un papel central en todos los proyectos de comunicaci\u00f3n visual, desde la publicaci\u00f3n hasta el marketing no convencional, desde la identidad corporativa hasta la publicidad, desde la se\u00f1alizaci\u00f3n hasta las campa\u00f1as de publicidad. &nbsp; T\u00edtulo: Diploma acad\u00e9mico de nivel 1 Duraci\u00f3n: 3 anni, full&#8230;<\/p>\n","protected":false},"author":35,"featured_media":0,"parent":0,"menu_order":0,"comment_status":"closed","ping_status":"closed","template":"page_course.php","meta":{"content-type":"","footnotes":""},"class_list":["post-86681","page","type-page","status-publish","hentry"],"yoast_head":"<!-- This site is optimized with the Yoast SEO plugin v24.2 - https:\/\/yoast.com\/wordpress\/plugins\/seo\/ -->\n<title>Graphic Design - RUFA - Rome University of Fine Arts<\/title>\n<meta name=\"description\" content=\"Graphic Design\" \/>\n<meta name=\"robots\" content=\"index, follow, max-snippet:-1, max-image-preview:large, max-video-preview:-1\" \/>\n<link rel=\"canonical\" href=\"https:\/\/www.unirufa.it\/graphic-design-2\/\" \/>\n<meta property=\"og:locale\" content=\"es_ES\" \/>\n<meta property=\"og:type\" content=\"article\" \/>\n<meta property=\"og:title\" content=\"Graphic Design - RUFA - Rome University of Fine Arts\" \/>\n<meta property=\"og:description\" content=\"{:it}Scopri il Corso di Laurea Triennale in Graphic Design di RUFA - Rome University of Fine Arts. Consegui il tuo Diploma nella nostra Accademia!{:enDiscover the Bachelor&#039;s Degree Course in Graphic Design of RUFA - Rome University of Fine Arts. Get your Diploma in our Academy!{:es}Graphic Design{:}\" \/>\n<meta property=\"og:url\" content=\"https:\/\/www.unirufa.it\/graphic-design-2\/\" \/>\n<meta property=\"og:site_name\" content=\"RUFA - Rome University of Fine Arts\" \/>\n<meta property=\"article:modified_time\" content=\"2025-10-17T14:56:10+00:00\" \/>\n<meta property=\"og:image\" content=\"https:\/\/www.unirufa.it\/wp-content\/uploads\/2017\/11\/logo-rufa-2016.png\" \/>\n\t<meta property=\"og:image:width\" content=\"230\" \/>\n\t<meta property=\"og:image:height\" content=\"149\" \/>\n\t<meta property=\"og:image:type\" content=\"image\/png\" \/>\n<meta name=\"twitter:label1\" content=\"Tiempo de lectura\" \/>\n\t<meta name=\"twitter:data1\" content=\"14 minutos\" \/>\n<script type=\"application\/ld+json\" class=\"yoast-schema-graph\">{\"@context\":\"https:\/\/schema.org\",\"@graph\":[{\"@type\":\"WebPage\",\"@id\":\"https:\/\/www.unirufa.it\/graphic-design-2\/\",\"url\":\"https:\/\/www.unirufa.it\/graphic-design-2\/\",\"name\":\"Graphic Design - RUFA - Rome University of Fine Arts\",\"isPartOf\":{\"@id\":\"https:\/\/www.unirufa.it\/#website\"},\"datePublished\":\"2022-11-24T11:13:09+00:00\",\"dateModified\":\"2025-10-17T14:56:10+00:00\",\"description\":\"{:it}Scopri il Corso di Laurea Triennale in Graphic Design di RUFA - Rome University of Fine Arts. Consegui il tuo Diploma nella nostra Accademia!{:enDiscover the Bachelor's Degree Course in Graphic Design of RUFA - Rome University of Fine Arts. Get your Diploma in our Academy!{:es}Graphic Design{:}\",\"breadcrumb\":{\"@id\":\"https:\/\/www.unirufa.it\/graphic-design-2\/#breadcrumb\"},\"inLanguage\":\"es\",\"potentialAction\":[{\"@type\":\"ReadAction\",\"target\":[\"https:\/\/www.unirufa.it\/graphic-design-2\/\"]}]},{\"@type\":\"BreadcrumbList\",\"@id\":\"https:\/\/www.unirufa.it\/graphic-design-2\/#breadcrumb\",\"itemListElement\":[{\"@type\":\"ListItem\",\"position\":1,\"name\":\"Home\",\"item\":\"https:\/\/www.unirufa.it\/\"},{\"@type\":\"ListItem\",\"position\":2,\"name\":\"Graphic Design\"}]},{\"@type\":\"WebSite\",\"@id\":\"https:\/\/www.unirufa.it\/#website\",\"url\":\"https:\/\/www.unirufa.it\/\",\"name\":\"RUFA - Rome University of Fine Arts\",\"description\":\"\",\"potentialAction\":[{\"@type\":\"SearchAction\",\"target\":{\"@type\":\"EntryPoint\",\"urlTemplate\":\"https:\/\/www.unirufa.it\/?s={search_term_string}\"},\"query-input\":{\"@type\":\"PropertyValueSpecification\",\"valueRequired\":true,\"valueName\":\"search_term_string\"}}],\"inLanguage\":\"es\"}]}<\/script>\n<!-- \/ Yoast SEO plugin. -->","yoast_head_json":{"title":"Graphic Design - RUFA - Rome University of Fine Arts","description":"Graphic Design","robots":{"index":"index","follow":"follow","max-snippet":"max-snippet:-1","max-image-preview":"max-image-preview:large","max-video-preview":"max-video-preview:-1"},"canonical":"https:\/\/www.unirufa.it\/graphic-design-2\/","og_locale":"es_ES","og_type":"article","og_title":"Graphic Design - RUFA - Rome University of Fine Arts","og_description":"{:it}Scopri il Corso di Laurea Triennale in Graphic Design di RUFA - Rome University of Fine Arts. Consegui il tuo Diploma nella nostra Accademia!{:enDiscover the Bachelor's Degree Course in Graphic Design of RUFA - Rome University of Fine Arts. Get your Diploma in our Academy!{:es}Graphic Design{:}","og_url":"https:\/\/www.unirufa.it\/graphic-design-2\/","og_site_name":"RUFA - Rome University of Fine Arts","article_modified_time":"2025-10-17T14:56:10+00:00","og_image":[{"width":230,"height":149,"url":"https:\/\/www.unirufa.it\/wp-content\/uploads\/2017\/11\/logo-rufa-2016.png","type":"image\/png"}],"twitter_misc":{"Tiempo de lectura":"14 minutos"},"schema":{"@context":"https:\/\/schema.org","@graph":[{"@type":"WebPage","@id":"https:\/\/www.unirufa.it\/graphic-design-2\/","url":"https:\/\/www.unirufa.it\/graphic-design-2\/","name":"Graphic Design - RUFA - Rome University of Fine Arts","isPartOf":{"@id":"https:\/\/www.unirufa.it\/#website"},"datePublished":"2022-11-24T11:13:09+00:00","dateModified":"2025-10-17T14:56:10+00:00","description":"{:it}Scopri il Corso di Laurea Triennale in Graphic Design di RUFA - Rome University of Fine Arts. Consegui il tuo Diploma nella nostra Accademia!{:enDiscover the Bachelor's Degree Course in Graphic Design of RUFA - Rome University of Fine Arts. Get your Diploma in our Academy!{:es}Graphic Design{:}","breadcrumb":{"@id":"https:\/\/www.unirufa.it\/graphic-design-2\/#breadcrumb"},"inLanguage":"es","potentialAction":[{"@type":"ReadAction","target":["https:\/\/www.unirufa.it\/graphic-design-2\/"]}]},{"@type":"BreadcrumbList","@id":"https:\/\/www.unirufa.it\/graphic-design-2\/#breadcrumb","itemListElement":[{"@type":"ListItem","position":1,"name":"Home","item":"https:\/\/www.unirufa.it\/"},{"@type":"ListItem","position":2,"name":"Graphic Design"}]},{"@type":"WebSite","@id":"https:\/\/www.unirufa.it\/#website","url":"https:\/\/www.unirufa.it\/","name":"RUFA - Rome University of Fine Arts","description":"","potentialAction":[{"@type":"SearchAction","target":{"@type":"EntryPoint","urlTemplate":"https:\/\/www.unirufa.it\/?s={search_term_string}"},"query-input":{"@type":"PropertyValueSpecification","valueRequired":true,"valueName":"search_term_string"}}],"inLanguage":"es"}]}},"_links":{"self":[{"href":"https:\/\/www.unirufa.it\/es\/wp-json\/wp\/v2\/pages\/86681","targetHints":{"allow":["GET"]}}],"collection":[{"href":"https:\/\/www.unirufa.it\/es\/wp-json\/wp\/v2\/pages"}],"about":[{"href":"https:\/\/www.unirufa.it\/es\/wp-json\/wp\/v2\/types\/page"}],"author":[{"embeddable":true,"href":"https:\/\/www.unirufa.it\/es\/wp-json\/wp\/v2\/users\/35"}],"replies":[{"embeddable":true,"href":"https:\/\/www.unirufa.it\/es\/wp-json\/wp\/v2\/comments?post=86681"}],"version-history":[{"count":42,"href":"https:\/\/www.unirufa.it\/es\/wp-json\/wp\/v2\/pages\/86681\/revisions"}],"predecessor-version":[{"id":148647,"href":"https:\/\/www.unirufa.it\/es\/wp-json\/wp\/v2\/pages\/86681\/revisions\/148647"}],"wp:attachment":[{"href":"https:\/\/www.unirufa.it\/es\/wp-json\/wp\/v2\/media?parent=86681"}],"curies":[{"name":"wp","href":"https:\/\/api.w.org\/{rel}","templated":true}]}}