


{"id":92841,"date":"2023-01-30T10:05:37","date_gmt":"2023-01-30T09:05:37","guid":{"rendered":"https:\/\/www.unirufa.it\/?page_id=92841"},"modified":"2023-01-30T10:05:37","modified_gmt":"2023-01-30T09:05:37","slug":"d-s-a-rte-lespressione-artistica-come-mezzo-di-comunicazione-piu-efficace-delle-parole","status":"publish","type":"page","link":"https:\/\/www.unirufa.it\/es\/d-s-a-rte-lespressione-artistica-come-mezzo-di-comunicazione-piu-efficace-delle-parole\/","title":{"rendered":"D.S.A rte. L&#8217;espressione artistica come mezzo di comunicazione pi\u00f9 efficace delle parole."},"content":{"rendered":"<p class=\"qtranxs-available-languages-message qtranxs-available-languages-message-es\">Disculpa, pero esta entrada est\u00e1 disponible s\u00f3lo en <a href=\"https:\/\/www.unirufa.it\/it\/wp-json\/wp\/v2\/pages\/92841\" class=\"qtranxs-available-language-link qtranxs-available-language-link-it\" title=\"IT\">IT<\/a> y <a href=\"https:\/\/www.unirufa.it\/en\/wp-json\/wp\/v2\/pages\/92841\" class=\"qtranxs-available-language-link qtranxs-available-language-link-en\" title=\"EN\">EN<\/a>.<\/p><div class=\"su-image-carousel  su-image-carousel-has-spacing su-image-carousel-adaptive su-image-carousel-slides-style-minimal su-image-carousel-controls-style-light su-image-carousel-align-left\" style=\"\" data-flickity-options='{\"groupCells\":true,\"cellSelector\":\".su-image-carousel-item\",\"adaptiveHeight\":true,\"cellAlign\":\"left\",\"prevNextButtons\":true,\"pageDots\":false,\"autoPlay\":2000,\"imagesLoaded\":true,\"contain\":false,\"selectedAttraction\":0.025,\"friction\":0.28}' id=\"su_image_carousel_69ef699769a65\"><div class=\"su-image-carousel-item\"><div class=\"su-image-carousel-item-content\"><img loading=\"lazy\" decoding=\"async\" width=\"680\" height=\"388\" src=\"https:\/\/www.unirufa.it\/wp-content\/uploads\/2022\/04\/progetti_studenti_fotografia_elisabetta_trevisan_tesi_D.S.A.RTE6_-1024x585.jpg\" class=\"\" alt=\"\" srcset=\"https:\/\/www.unirufa.it\/wp-content\/uploads\/2022\/04\/progetti_studenti_fotografia_elisabetta_trevisan_tesi_D.S.A.RTE6_-1024x585.jpg 1024w, https:\/\/www.unirufa.it\/wp-content\/uploads\/2022\/04\/progetti_studenti_fotografia_elisabetta_trevisan_tesi_D.S.A.RTE6_-300x171.jpg 300w, https:\/\/www.unirufa.it\/wp-content\/uploads\/2022\/04\/progetti_studenti_fotografia_elisabetta_trevisan_tesi_D.S.A.RTE6_-768x439.jpg 768w, https:\/\/www.unirufa.it\/wp-content\/uploads\/2022\/04\/progetti_studenti_fotografia_elisabetta_trevisan_tesi_D.S.A.RTE6_.jpg 1050w\" sizes=\"auto, (max-width: 680px) 100vw, 680px\" \/><\/div><\/div><div class=\"su-image-carousel-item\"><div class=\"su-image-carousel-item-content\"><img loading=\"lazy\" decoding=\"async\" width=\"680\" height=\"388\" src=\"https:\/\/www.unirufa.it\/wp-content\/uploads\/2022\/04\/progetti_studenti_fotografia_elisabetta_trevisan_tesi_D.S.A.RTE5_-1024x585.jpg\" class=\"\" alt=\"\" srcset=\"https:\/\/www.unirufa.it\/wp-content\/uploads\/2022\/04\/progetti_studenti_fotografia_elisabetta_trevisan_tesi_D.S.A.RTE5_-1024x585.jpg 1024w, https:\/\/www.unirufa.it\/wp-content\/uploads\/2022\/04\/progetti_studenti_fotografia_elisabetta_trevisan_tesi_D.S.A.RTE5_-300x171.jpg 300w, https:\/\/www.unirufa.it\/wp-content\/uploads\/2022\/04\/progetti_studenti_fotografia_elisabetta_trevisan_tesi_D.S.A.RTE5_-768x439.jpg 768w, https:\/\/www.unirufa.it\/wp-content\/uploads\/2022\/04\/progetti_studenti_fotografia_elisabetta_trevisan_tesi_D.S.A.RTE5_.jpg 1050w\" sizes=\"auto, (max-width: 680px) 100vw, 680px\" \/><\/div><\/div><div class=\"su-image-carousel-item\"><div class=\"su-image-carousel-item-content\"><img loading=\"lazy\" decoding=\"async\" width=\"680\" height=\"388\" src=\"https:\/\/www.unirufa.it\/wp-content\/uploads\/2022\/04\/progetti_studenti_fotografia_elisabetta_trevisan_tesi_D.S.A.RTE4_-1024x585.jpg\" class=\"\" alt=\"\" srcset=\"https:\/\/www.unirufa.it\/wp-content\/uploads\/2022\/04\/progetti_studenti_fotografia_elisabetta_trevisan_tesi_D.S.A.RTE4_-1024x585.jpg 1024w, https:\/\/www.unirufa.it\/wp-content\/uploads\/2022\/04\/progetti_studenti_fotografia_elisabetta_trevisan_tesi_D.S.A.RTE4_-300x171.jpg 300w, https:\/\/www.unirufa.it\/wp-content\/uploads\/2022\/04\/progetti_studenti_fotografia_elisabetta_trevisan_tesi_D.S.A.RTE4_-768x439.jpg 768w, https:\/\/www.unirufa.it\/wp-content\/uploads\/2022\/04\/progetti_studenti_fotografia_elisabetta_trevisan_tesi_D.S.A.RTE4_.jpg 1050w\" sizes=\"auto, (max-width: 680px) 100vw, 680px\" \/><\/div><\/div><div class=\"su-image-carousel-item\"><div class=\"su-image-carousel-item-content\"><img loading=\"lazy\" decoding=\"async\" width=\"680\" height=\"388\" src=\"https:\/\/www.unirufa.it\/wp-content\/uploads\/2022\/04\/progetti_studenti_fotografia_elisabetta_trevisan_tesi_D.S.A.RTE3_-1024x585.jpg\" class=\"\" alt=\"\" srcset=\"https:\/\/www.unirufa.it\/wp-content\/uploads\/2022\/04\/progetti_studenti_fotografia_elisabetta_trevisan_tesi_D.S.A.RTE3_-1024x585.jpg 1024w, https:\/\/www.unirufa.it\/wp-content\/uploads\/2022\/04\/progetti_studenti_fotografia_elisabetta_trevisan_tesi_D.S.A.RTE3_-300x171.jpg 300w, https:\/\/www.unirufa.it\/wp-content\/uploads\/2022\/04\/progetti_studenti_fotografia_elisabetta_trevisan_tesi_D.S.A.RTE3_-768x439.jpg 768w, https:\/\/www.unirufa.it\/wp-content\/uploads\/2022\/04\/progetti_studenti_fotografia_elisabetta_trevisan_tesi_D.S.A.RTE3_.jpg 1050w\" sizes=\"auto, (max-width: 680px) 100vw, 680px\" \/><\/div><\/div><div class=\"su-image-carousel-item\"><div class=\"su-image-carousel-item-content\"><img loading=\"lazy\" decoding=\"async\" width=\"680\" height=\"388\" src=\"https:\/\/www.unirufa.it\/wp-content\/uploads\/2022\/04\/progetti_studenti_fotografia_elisabetta_trevisan_tesi_D.S.A.RTE2_-1024x585.jpg\" class=\"\" alt=\"\" srcset=\"https:\/\/www.unirufa.it\/wp-content\/uploads\/2022\/04\/progetti_studenti_fotografia_elisabetta_trevisan_tesi_D.S.A.RTE2_-1024x585.jpg 1024w, https:\/\/www.unirufa.it\/wp-content\/uploads\/2022\/04\/progetti_studenti_fotografia_elisabetta_trevisan_tesi_D.S.A.RTE2_-300x171.jpg 300w, https:\/\/www.unirufa.it\/wp-content\/uploads\/2022\/04\/progetti_studenti_fotografia_elisabetta_trevisan_tesi_D.S.A.RTE2_-768x439.jpg 768w, https:\/\/www.unirufa.it\/wp-content\/uploads\/2022\/04\/progetti_studenti_fotografia_elisabetta_trevisan_tesi_D.S.A.RTE2_.jpg 1050w\" sizes=\"auto, (max-width: 680px) 100vw, 680px\" \/><\/div><\/div><div class=\"su-image-carousel-item\"><div class=\"su-image-carousel-item-content\"><img loading=\"lazy\" decoding=\"async\" width=\"680\" height=\"388\" src=\"https:\/\/www.unirufa.it\/wp-content\/uploads\/2022\/04\/progetti_studenti_fotografia_elisabetta_trevisan_tesi_D.S.A.RTE1_-1024x585.jpg\" class=\"\" alt=\"\" srcset=\"https:\/\/www.unirufa.it\/wp-content\/uploads\/2022\/04\/progetti_studenti_fotografia_elisabetta_trevisan_tesi_D.S.A.RTE1_-1024x585.jpg 1024w, https:\/\/www.unirufa.it\/wp-content\/uploads\/2022\/04\/progetti_studenti_fotografia_elisabetta_trevisan_tesi_D.S.A.RTE1_-300x171.jpg 300w, https:\/\/www.unirufa.it\/wp-content\/uploads\/2022\/04\/progetti_studenti_fotografia_elisabetta_trevisan_tesi_D.S.A.RTE1_-768x439.jpg 768w, https:\/\/www.unirufa.it\/wp-content\/uploads\/2022\/04\/progetti_studenti_fotografia_elisabetta_trevisan_tesi_D.S.A.RTE1_.jpg 1050w\" sizes=\"auto, (max-width: 680px) 100vw, 680px\" \/><\/div><\/div><\/div><script id=\"su_image_carousel_69ef699769a65_script\">if(window.SUImageCarousel){setTimeout(function() {window.SUImageCarousel.initGallery(document.getElementById(\"su_image_carousel_69ef699769a65\"))}, 0);}var su_image_carousel_69ef699769a65_script=document.getElementById(\"su_image_carousel_69ef699769a65_script\");if(su_image_carousel_69ef699769a65_script){su_image_carousel_69ef699769a65_script.parentNode.removeChild(su_image_carousel_69ef699769a65_script);}<\/script>\n<p>In che modo entrano in relazione l&#8217;arte e la dislessia? Quando mi \u00e8 stata diagnosticata la dislessia avevo 10 anni, dopo una lunga e difficile sessione di test la logopedista mi ha spiegato quali fossero le mie difficolt\u00e0 e cosa significasse essere uno studente DSA. Quella sessione di test \u00e8 stata seguita da numerose sedute dove uno specialista mi insegnava un metodo di studio considerato efficace per i dislessici come me, esso si basava sulla schematizzazione dei concetti che si dovevano apprendere nei quali si inserivano frecce, simboli e colori. Con il passare degli anni ho capito di avere una memoria fotografica, pi\u00f9 interiorizzavo gli schemi pi\u00f9 memorizzavo le cose.<br \/>\nQuesto progetto \u00e8 nato per caso, seguendo un istinto, ho iniziato a fotografare il bosco come luogo sconosciuto dove non sapevo dove andare. Ma perch\u00e9 il bosco? Ritrovando i quaderni delle elementari, gli anni dove ho ricevuto la prima diagnosi, ho scoperto che disegnavo solo alberi spesso accompagnati da una figura femminile sola.<\/p>\n<h3><font color=\"#f10032\">Oggi sto ridando voce a quella bambina che non riusciva a raccontarsi.<\/font><\/h3>\n<p>Le parole sono importanti e sono il mezzo di comunicazione che ci viene insegnato da subito, ma quando non sai usarle, quando sono per te ostili come puoi farti capire? Se l&#8217;arte fosse il vero mezzo di comunicazione universale?<\/p>\n<p>&nbsp;<\/p>\n<p><a id=\"btn-regolamentocorso\" class=\"download-btn full\" style=\"background-color: #f10032; border-color: #f10032;\" href=\"https:\/\/www.unirufa.it\/artisti\/elisabetta-trevisan\/\"><span style=\"color: #ffffff;\">Elisabetta Trevisan<\/span><\/a><\/p>\n<p>&nbsp;<br \/>\n&nbsp;","protected":false},"excerpt":{"rendered":"<p>Disculpa, pero esta entrada est\u00e1 disponible s\u00f3lo en IT y EN.In che modo entrano in relazione l&#8217;arte e la dislessia? Quando mi \u00e8 stata diagnosticata la dislessia avevo 10 anni, dopo una lunga e difficile sessione di test la logopedista mi ha spiegato quali fossero le mie difficolt\u00e0 e cosa significasse essere uno studente DSA&#8230;.<\/p>\n","protected":false},"author":47,"featured_media":0,"parent":0,"menu_order":0,"comment_status":"closed","ping_status":"closed","template":"","meta":{"content-type":"","footnotes":""},"class_list":["post-92841","page","type-page","status-publish","hentry"],"yoast_head":"<!-- This site is optimized with the Yoast SEO plugin v24.2 - https:\/\/yoast.com\/wordpress\/plugins\/seo\/ -->\n<title>D.S.A rte. L&#039;espressione artistica come mezzo di comunicazione pi\u00f9 efficace delle parole. - RUFA - Rome University of Fine Arts<\/title>\n<meta name=\"robots\" content=\"index, follow, max-snippet:-1, max-image-preview:large, max-video-preview:-1\" \/>\n<link rel=\"canonical\" href=\"https:\/\/www.unirufa.it\/d-s-a-rte-lespressione-artistica-come-mezzo-di-comunicazione-piu-efficace-delle-parole\/\" \/>\n<meta property=\"og:locale\" content=\"es_ES\" \/>\n<meta property=\"og:type\" content=\"article\" \/>\n<meta property=\"og:title\" content=\"D.S.A rte. L&#039;espressione artistica come mezzo di comunicazione pi\u00f9 efficace delle parole. - RUFA - Rome University of Fine Arts\" \/>\n<meta property=\"og:description\" content=\"Disculpa, pero esta entrada est\u00e1 disponible s\u00f3lo en IT y EN.In che modo entrano in relazione l&#8217;arte e la dislessia? Quando mi \u00e8 stata diagnosticata la dislessia avevo 10 anni, dopo una lunga e difficile sessione di test la logopedista mi ha spiegato quali fossero le mie difficolt\u00e0 e cosa significasse essere uno studente DSA....\" \/>\n<meta property=\"og:url\" content=\"https:\/\/www.unirufa.it\/d-s-a-rte-lespressione-artistica-come-mezzo-di-comunicazione-piu-efficace-delle-parole\/\" \/>\n<meta property=\"og:site_name\" content=\"RUFA - Rome University of Fine Arts\" \/>\n<meta property=\"og:image\" content=\"https:\/\/www.unirufa.it\/wp-content\/uploads\/2017\/11\/logo-rufa-2016.png\" \/>\n\t<meta property=\"og:image:width\" content=\"230\" \/>\n\t<meta property=\"og:image:height\" content=\"149\" \/>\n\t<meta property=\"og:image:type\" content=\"image\/png\" \/>\n<meta name=\"twitter:label1\" content=\"Tiempo de lectura\" \/>\n\t<meta name=\"twitter:data1\" content=\"3 minutos\" \/>\n<script type=\"application\/ld+json\" class=\"yoast-schema-graph\">{\"@context\":\"https:\/\/schema.org\",\"@graph\":[{\"@type\":\"WebPage\",\"@id\":\"https:\/\/www.unirufa.it\/d-s-a-rte-lespressione-artistica-come-mezzo-di-comunicazione-piu-efficace-delle-parole\/\",\"url\":\"https:\/\/www.unirufa.it\/d-s-a-rte-lespressione-artistica-come-mezzo-di-comunicazione-piu-efficace-delle-parole\/\",\"name\":\"D.S.A rte. L'espressione artistica come mezzo di comunicazione pi\u00f9 efficace delle parole. - RUFA - Rome University of Fine Arts\",\"isPartOf\":{\"@id\":\"https:\/\/www.unirufa.it\/#website\"},\"datePublished\":\"2023-01-30T09:05:37+00:00\",\"dateModified\":\"2023-01-30T09:05:37+00:00\",\"breadcrumb\":{\"@id\":\"https:\/\/www.unirufa.it\/d-s-a-rte-lespressione-artistica-come-mezzo-di-comunicazione-piu-efficace-delle-parole\/#breadcrumb\"},\"inLanguage\":\"es\",\"potentialAction\":[{\"@type\":\"ReadAction\",\"target\":[\"https:\/\/www.unirufa.it\/d-s-a-rte-lespressione-artistica-come-mezzo-di-comunicazione-piu-efficace-delle-parole\/\"]}]},{\"@type\":\"BreadcrumbList\",\"@id\":\"https:\/\/www.unirufa.it\/d-s-a-rte-lespressione-artistica-come-mezzo-di-comunicazione-piu-efficace-delle-parole\/#breadcrumb\",\"itemListElement\":[{\"@type\":\"ListItem\",\"position\":1,\"name\":\"Home\",\"item\":\"https:\/\/www.unirufa.it\/\"},{\"@type\":\"ListItem\",\"position\":2,\"name\":\"D.S.A rte. L&#8217;espressione artistica come mezzo di comunicazione pi\u00f9 efficace delle parole.\"}]},{\"@type\":\"WebSite\",\"@id\":\"https:\/\/www.unirufa.it\/#website\",\"url\":\"https:\/\/www.unirufa.it\/\",\"name\":\"RUFA - Rome University of Fine Arts\",\"description\":\"\",\"potentialAction\":[{\"@type\":\"SearchAction\",\"target\":{\"@type\":\"EntryPoint\",\"urlTemplate\":\"https:\/\/www.unirufa.it\/?s={search_term_string}\"},\"query-input\":{\"@type\":\"PropertyValueSpecification\",\"valueRequired\":true,\"valueName\":\"search_term_string\"}}],\"inLanguage\":\"es\"}]}<\/script>\n<!-- \/ Yoast SEO plugin. -->","yoast_head_json":{"title":"D.S.A rte. L'espressione artistica come mezzo di comunicazione pi\u00f9 efficace delle parole. - RUFA - Rome University of Fine Arts","robots":{"index":"index","follow":"follow","max-snippet":"max-snippet:-1","max-image-preview":"max-image-preview:large","max-video-preview":"max-video-preview:-1"},"canonical":"https:\/\/www.unirufa.it\/d-s-a-rte-lespressione-artistica-come-mezzo-di-comunicazione-piu-efficace-delle-parole\/","og_locale":"es_ES","og_type":"article","og_title":"D.S.A rte. L'espressione artistica come mezzo di comunicazione pi\u00f9 efficace delle parole. - RUFA - Rome University of Fine Arts","og_description":"Disculpa, pero esta entrada est\u00e1 disponible s\u00f3lo en IT y EN.In che modo entrano in relazione l&#8217;arte e la dislessia? Quando mi \u00e8 stata diagnosticata la dislessia avevo 10 anni, dopo una lunga e difficile sessione di test la logopedista mi ha spiegato quali fossero le mie difficolt\u00e0 e cosa significasse essere uno studente DSA....","og_url":"https:\/\/www.unirufa.it\/d-s-a-rte-lespressione-artistica-come-mezzo-di-comunicazione-piu-efficace-delle-parole\/","og_site_name":"RUFA - Rome University of Fine Arts","og_image":[{"width":230,"height":149,"url":"https:\/\/www.unirufa.it\/wp-content\/uploads\/2017\/11\/logo-rufa-2016.png","type":"image\/png"}],"twitter_misc":{"Tiempo de lectura":"3 minutos"},"schema":{"@context":"https:\/\/schema.org","@graph":[{"@type":"WebPage","@id":"https:\/\/www.unirufa.it\/d-s-a-rte-lespressione-artistica-come-mezzo-di-comunicazione-piu-efficace-delle-parole\/","url":"https:\/\/www.unirufa.it\/d-s-a-rte-lespressione-artistica-come-mezzo-di-comunicazione-piu-efficace-delle-parole\/","name":"D.S.A rte. L'espressione artistica come mezzo di comunicazione pi\u00f9 efficace delle parole. - RUFA - Rome University of Fine Arts","isPartOf":{"@id":"https:\/\/www.unirufa.it\/#website"},"datePublished":"2023-01-30T09:05:37+00:00","dateModified":"2023-01-30T09:05:37+00:00","breadcrumb":{"@id":"https:\/\/www.unirufa.it\/d-s-a-rte-lespressione-artistica-come-mezzo-di-comunicazione-piu-efficace-delle-parole\/#breadcrumb"},"inLanguage":"es","potentialAction":[{"@type":"ReadAction","target":["https:\/\/www.unirufa.it\/d-s-a-rte-lespressione-artistica-come-mezzo-di-comunicazione-piu-efficace-delle-parole\/"]}]},{"@type":"BreadcrumbList","@id":"https:\/\/www.unirufa.it\/d-s-a-rte-lespressione-artistica-come-mezzo-di-comunicazione-piu-efficace-delle-parole\/#breadcrumb","itemListElement":[{"@type":"ListItem","position":1,"name":"Home","item":"https:\/\/www.unirufa.it\/"},{"@type":"ListItem","position":2,"name":"D.S.A rte. L&#8217;espressione artistica come mezzo di comunicazione pi\u00f9 efficace delle parole."}]},{"@type":"WebSite","@id":"https:\/\/www.unirufa.it\/#website","url":"https:\/\/www.unirufa.it\/","name":"RUFA - Rome University of Fine Arts","description":"","potentialAction":[{"@type":"SearchAction","target":{"@type":"EntryPoint","urlTemplate":"https:\/\/www.unirufa.it\/?s={search_term_string}"},"query-input":{"@type":"PropertyValueSpecification","valueRequired":true,"valueName":"search_term_string"}}],"inLanguage":"es"}]}},"_links":{"self":[{"href":"https:\/\/www.unirufa.it\/es\/wp-json\/wp\/v2\/pages\/92841","targetHints":{"allow":["GET"]}}],"collection":[{"href":"https:\/\/www.unirufa.it\/es\/wp-json\/wp\/v2\/pages"}],"about":[{"href":"https:\/\/www.unirufa.it\/es\/wp-json\/wp\/v2\/types\/page"}],"author":[{"embeddable":true,"href":"https:\/\/www.unirufa.it\/es\/wp-json\/wp\/v2\/users\/47"}],"replies":[{"embeddable":true,"href":"https:\/\/www.unirufa.it\/es\/wp-json\/wp\/v2\/comments?post=92841"}],"version-history":[{"count":6,"href":"https:\/\/www.unirufa.it\/es\/wp-json\/wp\/v2\/pages\/92841\/revisions"}],"predecessor-version":[{"id":93744,"href":"https:\/\/www.unirufa.it\/es\/wp-json\/wp\/v2\/pages\/92841\/revisions\/93744"}],"wp:attachment":[{"href":"https:\/\/www.unirufa.it\/es\/wp-json\/wp\/v2\/media?parent=92841"}],"curies":[{"name":"wp","href":"https:\/\/api.w.org\/{rel}","templated":true}]}}